{"id":42,"date":"2020-04-12T16:37:18","date_gmt":"2020-04-12T16:37:18","guid":{"rendered":"https:\/\/foroparaeldiadespues.net.ar\/?page_id=42"},"modified":"2021-01-06T18:07:15","modified_gmt":"2021-01-06T21:07:15","slug":"los-temas-del-foro","status":"publish","type":"page","link":"https:\/\/foroparaeldiadespues.net.ar\/?page_id=42","title":{"rendered":"LOS TEMAS DEL FORO"},"content":{"rendered":"\n<figure class=\"wp-block-table is-style-regular\"><table><thead><tr><th class=\"has-text-align-right\" data-align=\"right\">TEMA<\/th><th class=\"has-text-align-left\" data-align=\"left\">P\u00e1gina<\/th><\/tr><\/thead><tbody><tr><td class=\"has-text-align-right\" data-align=\"right\"><strong><span class=\"has-inline-color has-vivid-cyan-blue-color\"><a href=\"https:\/\/foroparaeldiadespues.net.ar\/?page_id=42&amp;page=2\">EL D\u00cdA DESPU\u00c9S<\/a><\/span><\/strong><\/td><td class=\"has-text-align-left\" data-align=\"left\"><strong>2<\/strong><\/td><\/tr><tr><td class=\"has-text-align-right\" data-align=\"right\"><strong><span class=\"has-inline-color has-vivid-cyan-blue-color\"><a href=\"https:\/\/foroparaeldiadespues.net.ar\/?page_id=42&amp;page=3\">ANALFABETISMO TECNOL\u00d3GICO<\/a><\/span><\/strong><\/td><td class=\"has-text-align-left\" data-align=\"left\"><strong>3<\/strong><\/td><\/tr><tr><td class=\"has-text-align-right\" data-align=\"right\"><strong><span class=\"has-inline-color has-vivid-cyan-blue-color\"><a href=\"https:\/\/foroparaeldiadespues.net.ar\/?page_id=42&amp;page=4\">DURANTE LA PANDEMIA&#8230;<\/a><\/span><\/strong><\/td><td class=\"has-text-align-left\" data-align=\"left\"><strong>4<\/strong><\/td><\/tr><tr><td class=\"has-text-align-right\" data-align=\"right\"><strong><span class=\"has-inline-color has-vivid-cyan-blue-color\"><a href=\"https:\/\/foroparaeldiadespues.net.ar\/?page_id=42&amp;page=5\">POL\u00cdTICA Y TECNOLOG\u00cdA<\/a><\/span><\/strong><\/td><td class=\"has-text-align-left\" data-align=\"left\"><strong>5<\/strong><\/td><\/tr><tr><td class=\"has-text-align-right\" data-align=\"right\"><strong><a href=\"https:\/\/foroparaeldiadespues.net.ar\/?page_id=42&amp;page=6\">AGENDA POL\u00cdTICA NACIONAL<\/a><\/strong><\/td><td class=\"has-text-align-left\" data-align=\"left\"><strong>6<\/strong><\/td><\/tr><\/tbody><\/table><\/figure>\n\n\n\n<!--nextpage-->\n\n\n\n<h2 class=\"wp-block-heading\"><span class=\"has-inline-color has-vivid-cyan-blue-color\">EL D\u00cdA DESPU\u00c9S<\/span><\/h2>\n\n\n\n<p><strong>M\u00e1s temprano que tarde, la pandemia va a dejar paso al D\u00eda Despu\u00e9s. Con el verde de la esperanza, iniciamos en julio de 2020 el camino de las propuestas para ese pr\u00f3ximo d\u00eda&#8230;<\/strong><\/p>\n\n\n\n<figure class=\"wp-block-table\"><table><tbody><tr><td><a href=\"https:\/\/foroparaeldiadespues.net.ar\/?p=978\"><img loading=\"lazy\" decoding=\"async\" width=\"600\" height=\"600\" class=\"wp-image-977\" style=\"width: 600px;\" src=\"https:\/\/foroparaeldiadespues.net.ar\/wp-content\/uploads\/2020\/11\/ANUNCIO-Fondo-Verde-ENSINCK.jpg\" alt=\"\" srcset=\"https:\/\/foroparaeldiadespues.net.ar\/wp-content\/uploads\/2020\/11\/ANUNCIO-Fondo-Verde-ENSINCK.jpg 850w, https:\/\/foroparaeldiadespues.net.ar\/wp-content\/uploads\/2020\/11\/ANUNCIO-Fondo-Verde-ENSINCK-300x300.jpg 300w, https:\/\/foroparaeldiadespues.net.ar\/wp-content\/uploads\/2020\/11\/ANUNCIO-Fondo-Verde-ENSINCK-150x150.jpg 150w, https:\/\/foroparaeldiadespues.net.ar\/wp-content\/uploads\/2020\/11\/ANUNCIO-Fondo-Verde-ENSINCK-768x768.jpg 768w, https:\/\/foroparaeldiadespues.net.ar\/wp-content\/uploads\/2020\/11\/ANUNCIO-Fondo-Verde-ENSINCK-90x90.jpg 90w\" sizes=\"auto, (max-width: 600px) 100vw, 600px\" \/><\/a><\/td><td class=\"has-text-align-center\" data-align=\"center\"><\/td><td><a href=\"https:\/\/foroparaeldiadespues.net.ar\/?p=908\" target=\"_blank\" rel=\"noreferrer noopener\"><img loading=\"lazy\" decoding=\"async\" width=\"600\" height=\"600\" class=\"wp-image-906\" style=\"width: 600px;\" src=\"https:\/\/foroparaeldiadespues.net.ar\/wp-content\/uploads\/2020\/11\/ANUNCIO-Fondo-Verde-AGUILAR.jpg\" alt=\"\" srcset=\"https:\/\/foroparaeldiadespues.net.ar\/wp-content\/uploads\/2020\/11\/ANUNCIO-Fondo-Verde-AGUILAR.jpg 850w, https:\/\/foroparaeldiadespues.net.ar\/wp-content\/uploads\/2020\/11\/ANUNCIO-Fondo-Verde-AGUILAR-300x300.jpg 300w, https:\/\/foroparaeldiadespues.net.ar\/wp-content\/uploads\/2020\/11\/ANUNCIO-Fondo-Verde-AGUILAR-150x150.jpg 150w, https:\/\/foroparaeldiadespues.net.ar\/wp-content\/uploads\/2020\/11\/ANUNCIO-Fondo-Verde-AGUILAR-768x768.jpg 768w, https:\/\/foroparaeldiadespues.net.ar\/wp-content\/uploads\/2020\/11\/ANUNCIO-Fondo-Verde-AGUILAR-90x90.jpg 90w\" sizes=\"auto, (max-width: 600px) 100vw, 600px\" \/><\/a><\/td><\/tr><tr><td><a rel=\"noreferrer noopener\" href=\"https:\/\/foroparaeldiadespues.net.ar\/?p=711\" target=\"_blank\"><img decoding=\"async\" src=\"https:\/\/foroparaeldiadespues.net.ar\/wp-content\/uploads\/2020\/07\/ANUNCIO-Fondo-Verde-CALZONI.jpg\" alt=\"\"><\/a><\/td><td class=\"has-text-align-center\" data-align=\"center\"><\/td><td><a href=\"https:\/\/foroparaeldiadespues.net.ar\/?p=838\"><img loading=\"lazy\" decoding=\"async\" width=\"600\" height=\"600\" class=\"wp-image-839\" style=\"width: 600px;\" src=\"https:\/\/foroparaeldiadespues.net.ar\/wp-content\/uploads\/2020\/09\/ANUNCIO-Fondo-Verde-ROSSI.jpg\" alt=\"\" srcset=\"https:\/\/foroparaeldiadespues.net.ar\/wp-content\/uploads\/2020\/09\/ANUNCIO-Fondo-Verde-ROSSI.jpg 850w, https:\/\/foroparaeldiadespues.net.ar\/wp-content\/uploads\/2020\/09\/ANUNCIO-Fondo-Verde-ROSSI-300x300.jpg 300w, https:\/\/foroparaeldiadespues.net.ar\/wp-content\/uploads\/2020\/09\/ANUNCIO-Fondo-Verde-ROSSI-150x150.jpg 150w, https:\/\/foroparaeldiadespues.net.ar\/wp-content\/uploads\/2020\/09\/ANUNCIO-Fondo-Verde-ROSSI-768x768.jpg 768w, https:\/\/foroparaeldiadespues.net.ar\/wp-content\/uploads\/2020\/09\/ANUNCIO-Fondo-Verde-ROSSI-90x90.jpg 90w\" sizes=\"auto, (max-width: 600px) 100vw, 600px\" \/><\/a><\/td><\/tr><tr><td><a rel=\"noreferrer noopener\" href=\"https:\/\/foroparaeldiadespues.net.ar\/?p=760\" target=\"_blank\"><img decoding=\"async\" src=\"https:\/\/foroparaeldiadespues.net.ar\/wp-content\/uploads\/2020\/07\/ANUNCIO-Fondo-Verde-CHALLU.jpg\" alt=\"\"><\/a><\/td><td class=\"has-text-align-center\" data-align=\"center\"><\/td><td><a rel=\"noreferrer noopener\" href=\"https:\/\/foroparaeldiadespues.net.ar\/?p=826\" target=\"_blank\"><img decoding=\"async\" src=\"https:\/\/foroparaeldiadespues.net.ar\/wp-content\/uploads\/2020\/09\/ANUNCIO-Fondo-Verde-SERATTI.jpg\" alt=\"\"><\/a><\/td><\/tr><tr><td><a rel=\"noreferrer noopener\" href=\"https:\/\/foroparaeldiadespues.net.ar\/?p=766\" target=\"_blank\"><img decoding=\"async\" src=\"https:\/\/foroparaeldiadespues.net.ar\/wp-content\/uploads\/2020\/08\/ANUNCIO-Fondo-Verde-STEFANI.jpg\" alt=\"\"><\/a><\/td><td class=\"has-text-align-center\" data-align=\"center\"><\/td><td><a href=\"https:\/\/foroparaeldiadespues.net.ar\/?p=811\"><img decoding=\"async\" src=\"https:\/\/foroparaeldiadespues.net.ar\/wp-content\/uploads\/2020\/08\/ANUNCIO-Fondo-Verde-CARRERAS.jpg\" alt=\"\"><\/a><\/td><\/tr><tr><td><a href=\"https:\/\/foroparaeldiadespues.net.ar\/?p=800\"><img decoding=\"async\" src=\"https:\/\/foroparaeldiadespues.net.ar\/wp-content\/uploads\/2020\/08\/ANUNCIO-Fondo-Verde-PONS.jpg\" alt=\"\"><\/a><\/td><td class=\"has-text-align-center\" data-align=\"center\"><\/td><td><a rel=\"noreferrer noopener\" href=\"https:\/\/foroparaeldiadespues.net.ar\/?p=806\" target=\"_blank\"><img decoding=\"async\" src=\"https:\/\/foroparaeldiadespues.net.ar\/wp-content\/uploads\/2020\/08\/ANUNCIO-Fondo-Verde-SIRO.jpg\" alt=\"\"><\/a><\/td><\/tr><tr><td><\/td><td class=\"has-text-align-center\" data-align=\"center\"><\/td><td><\/td><\/tr><tr><td><\/td><td class=\"has-text-align-center\" data-align=\"center\"><\/td><td><\/td><\/tr><tr><td><\/td><td class=\"has-text-align-center\" data-align=\"center\"><\/td><td><\/td><\/tr><\/tbody><\/table><\/figure>\n\n\n\n<!--nextpage-->\n\n\n\n<h2 class=\"wp-block-heading\"><span class=\"has-inline-color has-vivid-cyan-blue-color\">ANALFABETISMO TECNOL\u00d3GICO<\/span><\/h2>\n\n\n\n<p><strong>Nos preocupa encontrar respuestas a la insoslayable tarea de capacitar que deber\u00e1 emprender la sociedad argentina para adecuarse a los cambios de orden social y productivo que, m\u00e1s temprano que tarde, suceder\u00e1n despu\u00e9s de la pandemia.<\/strong><\/p>\n\n\n\n<div class=\"wp-block-image\"><figure class=\"aligncenter size-large is-resized\"><img loading=\"lazy\" decoding=\"async\" src=\"https:\/\/foroparaeldiadespues.net.ar\/wp-content\/uploads\/2020\/10\/ANUNCIO-Fondo-Verde-ZACCAGNINI.jpg\" alt=\"\" class=\"wp-image-851\" width=\"528\" height=\"528\" srcset=\"https:\/\/foroparaeldiadespues.net.ar\/wp-content\/uploads\/2020\/10\/ANUNCIO-Fondo-Verde-ZACCAGNINI.jpg 850w, https:\/\/foroparaeldiadespues.net.ar\/wp-content\/uploads\/2020\/10\/ANUNCIO-Fondo-Verde-ZACCAGNINI-300x300.jpg 300w, https:\/\/foroparaeldiadespues.net.ar\/wp-content\/uploads\/2020\/10\/ANUNCIO-Fondo-Verde-ZACCAGNINI-150x150.jpg 150w, https:\/\/foroparaeldiadespues.net.ar\/wp-content\/uploads\/2020\/10\/ANUNCIO-Fondo-Verde-ZACCAGNINI-768x768.jpg 768w, https:\/\/foroparaeldiadespues.net.ar\/wp-content\/uploads\/2020\/10\/ANUNCIO-Fondo-Verde-ZACCAGNINI-90x90.jpg 90w\" sizes=\"auto, (max-width: 528px) 100vw, 528px\" \/><\/figure><\/div>\n\n\n\n<h4 class=\"has-text-align-center wp-block-heading\"><strong><span class=\"has-inline-color has-vivid-cyan-blue-color\">VIDEOS DE LA EXPOSICI\u00d3N DE JORGE ZACCAGNINI EL LUNES 19 DE OCTUBRE DE 2020<\/span><\/strong><\/h4>\n\n\n\n<p class=\"has-text-align-center\"><strong>Serie editada en ocho cap\u00edtulos que se presentan a continuaci\u00f3n:<\/strong><\/p>\n\n\n\n<figure class=\"wp-block-table\"><table><tbody><tr><td class=\"has-text-align-center\" data-align=\"center\"><strong>01 UNA BRECHA PREHIST\u00d3RICA<\/strong><\/td><\/tr><tr><td class=\"has-text-align-center\" data-align=\"center\"><strong>02 EL CONOCIMIENTO TECNOL\u00d3GICO EMPODERA<\/strong><\/td><\/tr><tr><td class=\"has-text-align-center\" data-align=\"center\"><strong>03 INFORM\u00c1TICA, LA REVOLUCI\u00d3N SILENCIOSA<\/strong><\/td><\/tr><tr><td class=\"has-text-align-center\" data-align=\"center\"><strong>04 POSIBILIDAD DE DISPONER<\/strong><\/td><\/tr><tr><td class=\"has-text-align-center\" data-align=\"center\"><strong>05 CAPACIDAD DE UTILIZAR<\/strong><\/td><\/tr><tr><td class=\"has-text-align-center\" data-align=\"center\"><strong>06 CAPACIDAD DE DISCERNIR<\/strong><\/td><\/tr><tr><td class=\"has-text-align-center\" data-align=\"center\"><strong>07 QUE ES EL ANALFABETISMO TECNOL\u00d3GICO<\/strong><\/td><\/tr><tr><td class=\"has-text-align-center\" data-align=\"center\"><strong>08 ALFABETIZACI\u00d3N TECNOLOGICA ES UNA GESTA<\/strong><\/td><\/tr><\/tbody><\/table><\/figure>\n\n\n\n<figure class=\"wp-block-embed aligncenter is-type-video is-provider-youtube wp-block-embed-youtube wp-embed-aspect-16-9 wp-has-aspect-ratio\"><div class=\"wp-block-embed__wrapper\">\n<iframe loading=\"lazy\"  id=\"_ytid_76759\"  width=\"480\" height=\"270\"  data-origwidth=\"480\" data-origheight=\"270\"  data-relstop=\"1\" src=\"https:\/\/www.youtube.com\/embed\/FPYALO1qP8I?enablejsapi=1&#038;list=PLNWOK1voFIkLXudmtc1wGhP4GHk1qZFgY&#038;index=1&#038;autoplay=0&#038;cc_load_policy=0&#038;cc_lang_pref=&#038;iv_load_policy=1&#038;loop=0&#038;rel=0&#038;fs=1&#038;playsinline=0&#038;autohide=2&#038;theme=dark&#038;color=red&#038;controls=1&#038;disablekb=0&#038;\" class=\"__youtube_prefs__  epyt-is-override  no-lazyload\" title=\"YouTube player\"  allow=\"fullscreen; accelerometer; autoplay; clipboard-write; encrypted-media; gyroscope; picture-in-picture; web-share\" referrerpolicy=\"strict-origin-when-cross-origin\" allowfullscreen data-no-lazy=\"1\" data-skipgform_ajax_framebjll=\"\"><\/iframe>\n<\/div><\/figure>\n\n\n\n<hr class=\"wp-block-separator\"\/>\n\n\n\n<h4 class=\"has-text-align-center wp-block-heading\"><span class=\"has-inline-color has-vivid-cyan-blue-color\">INFORME SOBRE EL ANALFABETISMO TECNOL\u00d3GICO PRODUCIDO POR EL FORO PARA EL D\u00cdA DESPU\u00c9S<\/span><\/h4>\n\n\n\n<p class=\"has-text-align-center\"><div style=\"display:block\">\n<!-- FlowPaper PDF flipbook plugin v.2.0.7 wordpress.org\/plugins\/flowpaper\/ -->\n<iframe title=\"FlowPaper flipbook pdf viewer\" width=\"100%\" height=\"500\" scrolling=\"no\" class=\"flowpaper-class\" frameborder=\"0\" allowFullScreen=\"true\" lightbox=\"false\" cover id src = \"https:\/\/flowpaper.com\/flipbook\/?pdf=https:\/\/foroparaeldiadespues.net.ar\/wp-content\/uploads\/2020\/10\/ANALFABETISMO-TECNOLOGICO.pdf?wp-hosted=1&title=&header=&theme=&singlepage=&thumbs=1&modified=210106607\" seamless=\"seamless\" style=\"margin-bottom:0;display:block;\">Your browser does not seem to support iframes. <a href=\"https:\/\/flowpaper.com\/flipbook\/?pdf=https:\/\/foroparaeldiadespues.net.ar\/wp-content\/uploads\/2020\/10\/ANALFABETISMO-TECNOLOGICO.pdf?wp-hosted=1\" target=\"_blank\">Click here to read this PDF<\/a>.<\/iframe>\n<div id=\"flowpaper-logo-bottom\" class=\"flowpaper-logo-bg\" style=\"background:linear-gradient(to right, rgba(0,0,0,0.65) 0%,rgba(0,0,0,0) 200px);width:100%;height:19px; padding-bottom: 1px; padding-left: 5px; padding-right: 10px; display: flex; align-items: center;z-index:9999\"><span style=\"height: 37px; padding-left: 6px;width:90%\"> <a id=\"flowpaper-link\" style=\"fill: #fff\" alt=\"FlowPaper logotype\" title=\"FlowPaper logotype\" href=\"https:\/\/flowpaper.com\" target=\"_blank\"> <img decoding=\"async\" alt=\"Publish PDF flipbooks online\" style=\"height:17px;width:auto;margin-top:11px;\" src=\"https:\/\/foroparaeldiadespues.net.ar\/wp-content\/plugins\/flowpaper-lite-pdf-flipbook\/assets\/flowpaper-logo.png\" border=\"0\"> <\/a> <\/span><span style=\" float: right; right: 0; font-size: 10px; white-space: nowrap; opacity:0.8\"><a href=\"https:\/\/flowpaper.com\/flipbook-maker\/\" target=\"_new\" style=\"text-decoration:none;border-bottom:none;\">Created using FlowPaper Flipbook Maker &#8599;<\/a><\/span><\/div><\/div>\r\n                <script>\r\n                document.addEventListener(\"DOMContentLoaded\", function(){\r\n                    var target_element, iframe_element;\r\n                    iframe_element = document.querySelector(\"iframe.flowpaper-class\");\r\n                    target_element = document.querySelector(\"\");\r\n                    iframe_element.style.height = target_element.offsetHeight + \"px\";\r\n                });\r\n                <\/script>\r\n            <\/p>\n\n\n\n<hr class=\"wp-block-separator\"\/>\n\n\n\n<h2 class=\"has-text-align-center wp-block-heading\"><strong><span class=\"has-inline-color has-vivid-cyan-blue-color\">ALFABETIZACI\u00d3N TECNOL\u00d3GICA<\/span><\/strong><\/h2>\n\n\n\n<p><strong>La Alfabetizaci\u00f3n Tecnol\u00f3gica es el conjunto de pol\u00edticas que tienen como objetivo dotar a la poblaci\u00f3n de los conocimientos necesarios para su inclusi\u00f3n cultural, social y econ\u00f3mica en el Modelo de Desarrollo Econ\u00f3mico Permanente y Sustentable, posibilitando la utilizaci\u00f3n de esos conocimientos como herramientas para su recalificaci\u00f3n social <sup>(1) <\/sup>y el mejoramiento de su calidad de vida <sup>(2)<\/sup><\/strong><\/p>\n\n\n\n<p><strong>(1) Recalificaci\u00f3n social: aumento de valoraci\u00f3n social e incremento de las posibilidades de ser escuchado como actor social.<\/strong><\/p>\n\n\n\n<p><strong>(2) Mejoramiento de la calidad de vida: incremento de los conocimientos disponibles para la resoluci\u00f3n de sus necesidades cotidianas y permanentes: trabajo, salud, educaci\u00f3n, esparcimiento entre otras.<\/strong><\/p>\n\n\n\n<figure class=\"wp-block-embed is-type-video is-provider-youtube wp-block-embed-youtube wp-embed-aspect-16-9 wp-has-aspect-ratio\"><div class=\"wp-block-embed__wrapper\">\n<iframe loading=\"lazy\"  id=\"_ytid_52629\"  width=\"480\" height=\"270\"  data-origwidth=\"480\" data-origheight=\"270\"  data-relstop=\"1\" src=\"https:\/\/www.youtube.com\/embed\/enELtPMVdGI?enablejsapi=1&#038;autoplay=0&#038;cc_load_policy=0&#038;cc_lang_pref=&#038;iv_load_policy=1&#038;loop=0&#038;rel=0&#038;fs=1&#038;playsinline=0&#038;autohide=2&#038;theme=dark&#038;color=red&#038;controls=1&#038;disablekb=0&#038;\" class=\"__youtube_prefs__  epyt-is-override  no-lazyload\" title=\"YouTube player\"  allow=\"fullscreen; accelerometer; autoplay; clipboard-write; encrypted-media; gyroscope; picture-in-picture; web-share\" referrerpolicy=\"strict-origin-when-cross-origin\" allowfullscreen data-no-lazy=\"1\" data-skipgform_ajax_framebjll=\"\"><\/iframe>\n<\/div><\/figure>\n\n\n\n<!--nextpage-->\n\n\n\n<h2 class=\"has-vivid-cyan-blue-color has-text-color wp-block-heading\">DURANTE LA PANDEMIA&#8230;<\/h2>\n\n\n\n<figure class=\"wp-block-table aligncenter\"><table><tbody><tr><td><a href=\"https:\/\/foroparaeldiadespues.net.ar\/?p=467\" target=\"_blank\" rel=\"noreferrer noopener\"><img loading=\"lazy\" decoding=\"async\" width=\"300\" height=\"300\" class=\"wp-image-465\" style=\"width: 300px;\" src=\"https:\/\/foroparaeldiadespues.net.ar\/wp-content\/uploads\/2020\/06\/ANUNCIO-ALFABETIZACION-TECNOLOGICA-Neffa.jpg\" alt=\"\" srcset=\"https:\/\/foroparaeldiadespues.net.ar\/wp-content\/uploads\/2020\/06\/ANUNCIO-ALFABETIZACION-TECNOLOGICA-Neffa.jpg 850w, https:\/\/foroparaeldiadespues.net.ar\/wp-content\/uploads\/2020\/06\/ANUNCIO-ALFABETIZACION-TECNOLOGICA-Neffa-300x300.jpg 300w, https:\/\/foroparaeldiadespues.net.ar\/wp-content\/uploads\/2020\/06\/ANUNCIO-ALFABETIZACION-TECNOLOGICA-Neffa-150x150.jpg 150w, https:\/\/foroparaeldiadespues.net.ar\/wp-content\/uploads\/2020\/06\/ANUNCIO-ALFABETIZACION-TECNOLOGICA-Neffa-768x768.jpg 768w, https:\/\/foroparaeldiadespues.net.ar\/wp-content\/uploads\/2020\/06\/ANUNCIO-ALFABETIZACION-TECNOLOGICA-Neffa-90x90.jpg 90w\" sizes=\"auto, (max-width: 300px) 100vw, 300px\" \/><\/a><\/td><td><a href=\"https:\/\/foroparaeldiadespues.net.ar\/?p=600\" target=\"_blank\" rel=\"noreferrer noopener\"><img loading=\"lazy\" decoding=\"async\" width=\"300\" height=\"300\" class=\"wp-image-601\" style=\"width: 300px;\" src=\"https:\/\/foroparaeldiadespues.net.ar\/wp-content\/uploads\/2020\/06\/ANUNCIO-ALFABETIZACION-TECNOLOGICA-Bogani.jpg\" alt=\"\" srcset=\"https:\/\/foroparaeldiadespues.net.ar\/wp-content\/uploads\/2020\/06\/ANUNCIO-ALFABETIZACION-TECNOLOGICA-Bogani.jpg 850w, https:\/\/foroparaeldiadespues.net.ar\/wp-content\/uploads\/2020\/06\/ANUNCIO-ALFABETIZACION-TECNOLOGICA-Bogani-300x300.jpg 300w, https:\/\/foroparaeldiadespues.net.ar\/wp-content\/uploads\/2020\/06\/ANUNCIO-ALFABETIZACION-TECNOLOGICA-Bogani-150x150.jpg 150w, https:\/\/foroparaeldiadespues.net.ar\/wp-content\/uploads\/2020\/06\/ANUNCIO-ALFABETIZACION-TECNOLOGICA-Bogani-768x768.jpg 768w, https:\/\/foroparaeldiadespues.net.ar\/wp-content\/uploads\/2020\/06\/ANUNCIO-ALFABETIZACION-TECNOLOGICA-Bogani-90x90.jpg 90w\" sizes=\"auto, (max-width: 300px) 100vw, 300px\" \/><\/a><\/td><\/tr><tr><td><a href=\"https:\/\/foroparaeldiadespues.net.ar\/?p=220\" target=\"_blank\" rel=\"noreferrer noopener\"><img loading=\"lazy\" decoding=\"async\" width=\"300\" height=\"300\" class=\"wp-image-221\" style=\"width: 300px;\" src=\"https:\/\/foroparaeldiadespues.net.ar\/wp-content\/uploads\/2020\/05\/ANUNCIO-ALFABETIZACION-TECNOLOGICA-29may2020.jpg\" alt=\"\" srcset=\"https:\/\/foroparaeldiadespues.net.ar\/wp-content\/uploads\/2020\/05\/ANUNCIO-ALFABETIZACION-TECNOLOGICA-29may2020.jpg 850w, https:\/\/foroparaeldiadespues.net.ar\/wp-content\/uploads\/2020\/05\/ANUNCIO-ALFABETIZACION-TECNOLOGICA-29may2020-300x300.jpg 300w, https:\/\/foroparaeldiadespues.net.ar\/wp-content\/uploads\/2020\/05\/ANUNCIO-ALFABETIZACION-TECNOLOGICA-29may2020-150x150.jpg 150w, https:\/\/foroparaeldiadespues.net.ar\/wp-content\/uploads\/2020\/05\/ANUNCIO-ALFABETIZACION-TECNOLOGICA-29may2020-768x768.jpg 768w, https:\/\/foroparaeldiadespues.net.ar\/wp-content\/uploads\/2020\/05\/ANUNCIO-ALFABETIZACION-TECNOLOGICA-29may2020-90x90.jpg 90w\" sizes=\"auto, (max-width: 300px) 100vw, 300px\" \/><\/a><\/td><td><a href=\"https:\/\/foroparaeldiadespues.net.ar\/?p=229\" target=\"_blank\" rel=\"noreferrer noopener\"><img loading=\"lazy\" decoding=\"async\" width=\"300\" height=\"300\" class=\"wp-image-230\" style=\"width: 300px;\" src=\"https:\/\/foroparaeldiadespues.net.ar\/wp-content\/uploads\/2020\/06\/ANUNCIO-ALFABETIZACION-TECNOLOGICA-Ahumada.jpg\" alt=\"\" srcset=\"https:\/\/foroparaeldiadespues.net.ar\/wp-content\/uploads\/2020\/06\/ANUNCIO-ALFABETIZACION-TECNOLOGICA-Ahumada.jpg 850w, https:\/\/foroparaeldiadespues.net.ar\/wp-content\/uploads\/2020\/06\/ANUNCIO-ALFABETIZACION-TECNOLOGICA-Ahumada-300x300.jpg 300w, https:\/\/foroparaeldiadespues.net.ar\/wp-content\/uploads\/2020\/06\/ANUNCIO-ALFABETIZACION-TECNOLOGICA-Ahumada-150x150.jpg 150w, https:\/\/foroparaeldiadespues.net.ar\/wp-content\/uploads\/2020\/06\/ANUNCIO-ALFABETIZACION-TECNOLOGICA-Ahumada-768x768.jpg 768w, https:\/\/foroparaeldiadespues.net.ar\/wp-content\/uploads\/2020\/06\/ANUNCIO-ALFABETIZACION-TECNOLOGICA-Ahumada-90x90.jpg 90w\" sizes=\"auto, (max-width: 300px) 100vw, 300px\" \/><\/a><\/td><\/tr><tr><td><a href=\"https:\/\/foroparaeldiadespues.net.ar\/?p=170\" target=\"_blank\" rel=\"noreferrer noopener\"><img loading=\"lazy\" decoding=\"async\" width=\"300\" height=\"300\" class=\"wp-image-171\" style=\"width: 300px;\" src=\"https:\/\/foroparaeldiadespues.net.ar\/wp-content\/uploads\/2020\/05\/ANUNCIO-ALFABETIZACION-TECNOLOGICA-15may2020.jpg\" alt=\"\" srcset=\"https:\/\/foroparaeldiadespues.net.ar\/wp-content\/uploads\/2020\/05\/ANUNCIO-ALFABETIZACION-TECNOLOGICA-15may2020.jpg 850w, https:\/\/foroparaeldiadespues.net.ar\/wp-content\/uploads\/2020\/05\/ANUNCIO-ALFABETIZACION-TECNOLOGICA-15may2020-300x300.jpg 300w, https:\/\/foroparaeldiadespues.net.ar\/wp-content\/uploads\/2020\/05\/ANUNCIO-ALFABETIZACION-TECNOLOGICA-15may2020-150x150.jpg 150w, https:\/\/foroparaeldiadespues.net.ar\/wp-content\/uploads\/2020\/05\/ANUNCIO-ALFABETIZACION-TECNOLOGICA-15may2020-768x768.jpg 768w, https:\/\/foroparaeldiadespues.net.ar\/wp-content\/uploads\/2020\/05\/ANUNCIO-ALFABETIZACION-TECNOLOGICA-15may2020-90x90.jpg 90w\" sizes=\"auto, (max-width: 300px) 100vw, 300px\" \/><\/a><\/td><td><a href=\"https:\/\/foroparaeldiadespues.net.ar\/?p=185\" target=\"_blank\" rel=\"noreferrer noopener\"><img loading=\"lazy\" decoding=\"async\" width=\"300\" height=\"300\" class=\"wp-image-186\" style=\"width: 300px;\" src=\"https:\/\/foroparaeldiadespues.net.ar\/wp-content\/uploads\/2020\/05\/ANUNCIO-ALFABETIZACION-TECNOLOGICA-22may2020.jpg\" alt=\"\" srcset=\"https:\/\/foroparaeldiadespues.net.ar\/wp-content\/uploads\/2020\/05\/ANUNCIO-ALFABETIZACION-TECNOLOGICA-22may2020.jpg 850w, https:\/\/foroparaeldiadespues.net.ar\/wp-content\/uploads\/2020\/05\/ANUNCIO-ALFABETIZACION-TECNOLOGICA-22may2020-300x300.jpg 300w, https:\/\/foroparaeldiadespues.net.ar\/wp-content\/uploads\/2020\/05\/ANUNCIO-ALFABETIZACION-TECNOLOGICA-22may2020-150x150.jpg 150w, https:\/\/foroparaeldiadespues.net.ar\/wp-content\/uploads\/2020\/05\/ANUNCIO-ALFABETIZACION-TECNOLOGICA-22may2020-768x768.jpg 768w, https:\/\/foroparaeldiadespues.net.ar\/wp-content\/uploads\/2020\/05\/ANUNCIO-ALFABETIZACION-TECNOLOGICA-22may2020-90x90.jpg 90w\" sizes=\"auto, (max-width: 300px) 100vw, 300px\" \/><\/a><\/td><\/tr><tr><td><a href=\"https:\/\/foroparaeldiadespues.net.ar\/?p=99\"><img loading=\"lazy\" decoding=\"async\" width=\"300\" height=\"300\" class=\"wp-image-100\" style=\"width: 300px;\" src=\"https:\/\/foroparaeldiadespues.net.ar\/wp-content\/uploads\/2020\/04\/ANUNCIO-ALFABETIZACION-TECNOLOGICA-24abr2020.jpg\" alt=\"\" srcset=\"https:\/\/foroparaeldiadespues.net.ar\/wp-content\/uploads\/2020\/04\/ANUNCIO-ALFABETIZACION-TECNOLOGICA-24abr2020.jpg 850w, https:\/\/foroparaeldiadespues.net.ar\/wp-content\/uploads\/2020\/04\/ANUNCIO-ALFABETIZACION-TECNOLOGICA-24abr2020-300x300.jpg 300w, https:\/\/foroparaeldiadespues.net.ar\/wp-content\/uploads\/2020\/04\/ANUNCIO-ALFABETIZACION-TECNOLOGICA-24abr2020-150x150.jpg 150w, https:\/\/foroparaeldiadespues.net.ar\/wp-content\/uploads\/2020\/04\/ANUNCIO-ALFABETIZACION-TECNOLOGICA-24abr2020-768x768.jpg 768w, https:\/\/foroparaeldiadespues.net.ar\/wp-content\/uploads\/2020\/04\/ANUNCIO-ALFABETIZACION-TECNOLOGICA-24abr2020-90x90.jpg 90w\" sizes=\"auto, (max-width: 300px) 100vw, 300px\" \/><\/a><\/td><td><a href=\"https:\/\/foroparaeldiadespues.net.ar\/?p=155\" target=\"_blank\" rel=\"noreferrer noopener\"><img loading=\"lazy\" decoding=\"async\" width=\"300\" height=\"300\" class=\"wp-image-156\" style=\"width: 300px;\" src=\"https:\/\/foroparaeldiadespues.net.ar\/wp-content\/uploads\/2020\/05\/ANUNCIO-ALFABETIZACION-TECNOLOGICA-08may2020.jpg\" alt=\"\" srcset=\"https:\/\/foroparaeldiadespues.net.ar\/wp-content\/uploads\/2020\/05\/ANUNCIO-ALFABETIZACION-TECNOLOGICA-08may2020.jpg 850w, https:\/\/foroparaeldiadespues.net.ar\/wp-content\/uploads\/2020\/05\/ANUNCIO-ALFABETIZACION-TECNOLOGICA-08may2020-300x300.jpg 300w, https:\/\/foroparaeldiadespues.net.ar\/wp-content\/uploads\/2020\/05\/ANUNCIO-ALFABETIZACION-TECNOLOGICA-08may2020-150x150.jpg 150w, https:\/\/foroparaeldiadespues.net.ar\/wp-content\/uploads\/2020\/05\/ANUNCIO-ALFABETIZACION-TECNOLOGICA-08may2020-768x768.jpg 768w, https:\/\/foroparaeldiadespues.net.ar\/wp-content\/uploads\/2020\/05\/ANUNCIO-ALFABETIZACION-TECNOLOGICA-08may2020-90x90.jpg 90w\" sizes=\"auto, (max-width: 300px) 100vw, 300px\" \/><\/a><\/td><\/tr><tr><td><a href=\"https:\/\/foroparaeldiadespues.net.ar\/?p=56\" target=\"_blank\" rel=\"noreferrer noopener\"><img loading=\"lazy\" decoding=\"async\" width=\"300\" height=\"300\" class=\"wp-image-57\" style=\"width: 300px;\" src=\"https:\/\/foroparaeldiadespues.net.ar\/wp-content\/uploads\/2020\/04\/ANUNCIO-ALFABETIZACION-TECNOLOGICA.jpg\" alt=\"\" srcset=\"https:\/\/foroparaeldiadespues.net.ar\/wp-content\/uploads\/2020\/04\/ANUNCIO-ALFABETIZACION-TECNOLOGICA.jpg 850w, https:\/\/foroparaeldiadespues.net.ar\/wp-content\/uploads\/2020\/04\/ANUNCIO-ALFABETIZACION-TECNOLOGICA-300x300.jpg 300w, https:\/\/foroparaeldiadespues.net.ar\/wp-content\/uploads\/2020\/04\/ANUNCIO-ALFABETIZACION-TECNOLOGICA-150x150.jpg 150w, https:\/\/foroparaeldiadespues.net.ar\/wp-content\/uploads\/2020\/04\/ANUNCIO-ALFABETIZACION-TECNOLOGICA-768x768.jpg 768w, https:\/\/foroparaeldiadespues.net.ar\/wp-content\/uploads\/2020\/04\/ANUNCIO-ALFABETIZACION-TECNOLOGICA-90x90.jpg 90w\" sizes=\"auto, (max-width: 300px) 100vw, 300px\" \/><\/a><\/td><td><a href=\"https:\/\/foroparaeldiadespues.net.ar\/?p=124\" target=\"_blank\" rel=\"noreferrer noopener\"><img loading=\"lazy\" decoding=\"async\" width=\"300\" height=\"300\" class=\"wp-image-125\" style=\"width: 300px;\" src=\"https:\/\/foroparaeldiadespues.net.ar\/wp-content\/uploads\/2020\/05\/ANUNCIO-ALFABETIZACION-TECNOLOGICA-01may2020.jpg\" alt=\"\" srcset=\"https:\/\/foroparaeldiadespues.net.ar\/wp-content\/uploads\/2020\/05\/ANUNCIO-ALFABETIZACION-TECNOLOGICA-01may2020.jpg 850w, https:\/\/foroparaeldiadespues.net.ar\/wp-content\/uploads\/2020\/05\/ANUNCIO-ALFABETIZACION-TECNOLOGICA-01may2020-300x300.jpg 300w, https:\/\/foroparaeldiadespues.net.ar\/wp-content\/uploads\/2020\/05\/ANUNCIO-ALFABETIZACION-TECNOLOGICA-01may2020-150x150.jpg 150w, https:\/\/foroparaeldiadespues.net.ar\/wp-content\/uploads\/2020\/05\/ANUNCIO-ALFABETIZACION-TECNOLOGICA-01may2020-768x768.jpg 768w, https:\/\/foroparaeldiadespues.net.ar\/wp-content\/uploads\/2020\/05\/ANUNCIO-ALFABETIZACION-TECNOLOGICA-01may2020-90x90.jpg 90w\" sizes=\"auto, (max-width: 300px) 100vw, 300px\" \/><\/a><\/td><\/tr><tr><td><\/td><td><a href=\"https:\/\/foroparaeldiadespues.net.ar\/?p=81\" target=\"_blank\" rel=\"noreferrer noopener\"><img loading=\"lazy\" decoding=\"async\" width=\"300\" height=\"300\" class=\"wp-image-82\" style=\"width: 300px;\" src=\"https:\/\/foroparaeldiadespues.net.ar\/wp-content\/uploads\/2020\/04\/ANUNCIO-ALFABETIZACION-TECNOLOGICA-15abr2020.jpg\" alt=\"\" srcset=\"https:\/\/foroparaeldiadespues.net.ar\/wp-content\/uploads\/2020\/04\/ANUNCIO-ALFABETIZACION-TECNOLOGICA-15abr2020.jpg 850w, https:\/\/foroparaeldiadespues.net.ar\/wp-content\/uploads\/2020\/04\/ANUNCIO-ALFABETIZACION-TECNOLOGICA-15abr2020-300x300.jpg 300w, https:\/\/foroparaeldiadespues.net.ar\/wp-content\/uploads\/2020\/04\/ANUNCIO-ALFABETIZACION-TECNOLOGICA-15abr2020-150x150.jpg 150w, https:\/\/foroparaeldiadespues.net.ar\/wp-content\/uploads\/2020\/04\/ANUNCIO-ALFABETIZACION-TECNOLOGICA-15abr2020-768x768.jpg 768w, https:\/\/foroparaeldiadespues.net.ar\/wp-content\/uploads\/2020\/04\/ANUNCIO-ALFABETIZACION-TECNOLOGICA-15abr2020-90x90.jpg 90w\" sizes=\"auto, (max-width: 300px) 100vw, 300px\" \/><\/a><\/td><\/tr><\/tbody><\/table><\/figure>\n\n\n\n<!--nextpage-->\n\n\n\n<h2 class=\"has-vivid-cyan-blue-color has-text-color wp-block-heading\">POL\u00cdTICA Y TECNOLOG\u00cdA<\/h2>\n\n\n\n<p><strong>La pandemia nos ha demostrado abruptamente (por las malas) cu\u00e1n fr\u00e1giles (vac\u00edas, ficcionales) resultaban ser algunas de las nociones que hasta hace pocas horas afectaban nuestros d\u00edas: mercados, riesgo pa\u00eds, finanzas, innovaci\u00f3n, deudas. <\/strong><\/p>\n\n\n\n<p><strong>De un momento a otro todo cambi\u00f3. En un suspiro, como si \u00e9ste ahora fuera a\u00fan m\u00e1s vital, los pilares del neoliberalismo se resquebrajaron y las miradas se volvieron hacia la \u00abPol\u00edtica\u00bb (s\u00ed, con may\u00fascula). La pol\u00edtica tom\u00f3 el control y pas\u00f3 a ejercer su leg\u00edtimo poder para coordinar los recursos del estado y proteger la vida de los ciudadanos.<\/strong> <\/p>\n\n\n\n<p><strong>En d\u00edas de aislamiento social, \u00fanica vacuna efectiva contra la pandemia, son muchos los pensamientos e ideas que nos rondan la cabeza. \u00bfPara qu\u00e9 sirve el \u00faltimo grito de la tecnolog\u00eda m\u00f3vil si en realidad te pueden faltan m\u00e9dicos, barbijos o alimentos? Y, de repente, nuestra fragilidad se hace evidente. Nuestras infraestructuras tecnol\u00f3gicas en salud, educaci\u00f3n, trabajo o defensa parecen estar debilitadas o ser insuficientes tras a\u00f1os de neoliberalismo. <\/strong><\/p>\n\n\n\n<p><strong>Esta nueva centralidad de la Pol\u00edtica tiene que ayudarnos a repensar cu\u00e1les son las tecnolog\u00edas que se orientan al desarrollo nacional y resultan m\u00e1s convenientes para la defensa de nuestros intereses.<\/strong><\/p>\n\n\n\n<hr class=\"wp-block-separator\"\/>\n\n\n\n<figure class=\"wp-block-table aligncenter\"><table><tbody><tr><td><a href=\"https:\/\/foroparaeldiadespues.net.ar\/?p=280\" target=\"_blank\" rel=\"noreferrer noopener\"><img loading=\"lazy\" decoding=\"async\" width=\"300\" height=\"300\" class=\"wp-image-281\" style=\"width: 300px;\" src=\"https:\/\/foroparaeldiadespues.net.ar\/wp-content\/uploads\/2020\/06\/ANUNCIO-POLITICA-Y-TECNOLOG\u00cdA-10.jpg\" alt=\"\" srcset=\"https:\/\/foroparaeldiadespues.net.ar\/wp-content\/uploads\/2020\/06\/ANUNCIO-POLITICA-Y-TECNOLOG\u00cdA-10.jpg 850w, https:\/\/foroparaeldiadespues.net.ar\/wp-content\/uploads\/2020\/06\/ANUNCIO-POLITICA-Y-TECNOLOG\u00cdA-10-300x300.jpg 300w, https:\/\/foroparaeldiadespues.net.ar\/wp-content\/uploads\/2020\/06\/ANUNCIO-POLITICA-Y-TECNOLOG\u00cdA-10-150x150.jpg 150w, https:\/\/foroparaeldiadespues.net.ar\/wp-content\/uploads\/2020\/06\/ANUNCIO-POLITICA-Y-TECNOLOG\u00cdA-10-768x768.jpg 768w, https:\/\/foroparaeldiadespues.net.ar\/wp-content\/uploads\/2020\/06\/ANUNCIO-POLITICA-Y-TECNOLOG\u00cdA-10-90x90.jpg 90w\" sizes=\"auto, (max-width: 300px) 100vw, 300px\" \/><\/a><\/td><td class=\"has-text-align-center\" data-align=\"center\"><a href=\"https:\/\/foroparaeldiadespues.net.ar\/?p=558\" target=\"_blank\" rel=\"noreferrer noopener\"><img loading=\"lazy\" decoding=\"async\" width=\"300\" height=\"300\" class=\"wp-image-556\" style=\"width: 300px;\" src=\"https:\/\/foroparaeldiadespues.net.ar\/wp-content\/uploads\/2020\/06\/ANUNCIO-POLITICA-Y-TECNOLOG\u00cdA-11.jpg\" alt=\"\" srcset=\"https:\/\/foroparaeldiadespues.net.ar\/wp-content\/uploads\/2020\/06\/ANUNCIO-POLITICA-Y-TECNOLOG\u00cdA-11.jpg 850w, https:\/\/foroparaeldiadespues.net.ar\/wp-content\/uploads\/2020\/06\/ANUNCIO-POLITICA-Y-TECNOLOG\u00cdA-11-300x300.jpg 300w, https:\/\/foroparaeldiadespues.net.ar\/wp-content\/uploads\/2020\/06\/ANUNCIO-POLITICA-Y-TECNOLOG\u00cdA-11-150x150.jpg 150w, https:\/\/foroparaeldiadespues.net.ar\/wp-content\/uploads\/2020\/06\/ANUNCIO-POLITICA-Y-TECNOLOG\u00cdA-11-768x768.jpg 768w, https:\/\/foroparaeldiadespues.net.ar\/wp-content\/uploads\/2020\/06\/ANUNCIO-POLITICA-Y-TECNOLOG\u00cdA-11-90x90.jpg 90w\" sizes=\"auto, (max-width: 300px) 100vw, 300px\" \/><\/a><\/td><\/tr><tr><td><a href=\"https:\/\/foroparaeldiadespues.net.ar\/?p=201\" target=\"_blank\" rel=\"noreferrer noopener\"><img loading=\"lazy\" decoding=\"async\" width=\"300\" height=\"300\" class=\"wp-image-202\" style=\"width: 300px;\" src=\"https:\/\/foroparaeldiadespues.net.ar\/wp-content\/uploads\/2020\/05\/ANUNCIO-POLITICA-Y-TECNOLOG\u00cdA-8.jpg\" alt=\"\" srcset=\"https:\/\/foroparaeldiadespues.net.ar\/wp-content\/uploads\/2020\/05\/ANUNCIO-POLITICA-Y-TECNOLOG\u00cdA-8.jpg 850w, https:\/\/foroparaeldiadespues.net.ar\/wp-content\/uploads\/2020\/05\/ANUNCIO-POLITICA-Y-TECNOLOG\u00cdA-8-300x300.jpg 300w, https:\/\/foroparaeldiadespues.net.ar\/wp-content\/uploads\/2020\/05\/ANUNCIO-POLITICA-Y-TECNOLOG\u00cdA-8-150x150.jpg 150w, https:\/\/foroparaeldiadespues.net.ar\/wp-content\/uploads\/2020\/05\/ANUNCIO-POLITICA-Y-TECNOLOG\u00cdA-8-768x768.jpg 768w, https:\/\/foroparaeldiadespues.net.ar\/wp-content\/uploads\/2020\/05\/ANUNCIO-POLITICA-Y-TECNOLOG\u00cdA-8-90x90.jpg 90w\" sizes=\"auto, (max-width: 300px) 100vw, 300px\" \/><\/a><\/td><td class=\"has-text-align-center\" data-align=\"center\"><a href=\"https:\/\/foroparaeldiadespues.net.ar\/?p=225\"><img loading=\"lazy\" decoding=\"async\" width=\"300\" height=\"300\" class=\"wp-image-226\" style=\"width: 300px;\" src=\"https:\/\/foroparaeldiadespues.net.ar\/wp-content\/uploads\/2020\/06\/ANUNCIO-POLITICA-Y-TECNOLOG\u00cdA-9.jpg\" alt=\"\" srcset=\"https:\/\/foroparaeldiadespues.net.ar\/wp-content\/uploads\/2020\/06\/ANUNCIO-POLITICA-Y-TECNOLOG\u00cdA-9.jpg 850w, https:\/\/foroparaeldiadespues.net.ar\/wp-content\/uploads\/2020\/06\/ANUNCIO-POLITICA-Y-TECNOLOG\u00cdA-9-300x300.jpg 300w, https:\/\/foroparaeldiadespues.net.ar\/wp-content\/uploads\/2020\/06\/ANUNCIO-POLITICA-Y-TECNOLOG\u00cdA-9-150x150.jpg 150w, https:\/\/foroparaeldiadespues.net.ar\/wp-content\/uploads\/2020\/06\/ANUNCIO-POLITICA-Y-TECNOLOG\u00cdA-9-768x768.jpg 768w, https:\/\/foroparaeldiadespues.net.ar\/wp-content\/uploads\/2020\/06\/ANUNCIO-POLITICA-Y-TECNOLOG\u00cdA-9-90x90.jpg 90w\" sizes=\"auto, (max-width: 300px) 100vw, 300px\" \/><\/a><\/td><\/tr><tr><td><a href=\"https:\/\/foroparaeldiadespues.net.ar\/?p=161\" target=\"_blank\" rel=\"noreferrer noopener\"><img loading=\"lazy\" decoding=\"async\" width=\"300\" height=\"300\" class=\"wp-image-162\" style=\"width: 300px;\" src=\"https:\/\/foroparaeldiadespues.net.ar\/wp-content\/uploads\/2020\/05\/ANUNCIO-POLITICA-Y-TECNOLOG\u00cdA-CHEPPI.jpg\" alt=\"\" srcset=\"https:\/\/foroparaeldiadespues.net.ar\/wp-content\/uploads\/2020\/05\/ANUNCIO-POLITICA-Y-TECNOLOG\u00cdA-CHEPPI.jpg 850w, https:\/\/foroparaeldiadespues.net.ar\/wp-content\/uploads\/2020\/05\/ANUNCIO-POLITICA-Y-TECNOLOG\u00cdA-CHEPPI-300x300.jpg 300w, https:\/\/foroparaeldiadespues.net.ar\/wp-content\/uploads\/2020\/05\/ANUNCIO-POLITICA-Y-TECNOLOG\u00cdA-CHEPPI-150x150.jpg 150w, https:\/\/foroparaeldiadespues.net.ar\/wp-content\/uploads\/2020\/05\/ANUNCIO-POLITICA-Y-TECNOLOG\u00cdA-CHEPPI-768x768.jpg 768w, https:\/\/foroparaeldiadespues.net.ar\/wp-content\/uploads\/2020\/05\/ANUNCIO-POLITICA-Y-TECNOLOG\u00cdA-CHEPPI-90x90.jpg 90w\" sizes=\"auto, (max-width: 300px) 100vw, 300px\" \/><\/a><\/td><td class=\"has-text-align-center\" data-align=\"center\"><a href=\"https:\/\/foroparaeldiadespues.net.ar\/?p=177\" target=\"_blank\" rel=\"noreferrer noopener\"><img loading=\"lazy\" decoding=\"async\" width=\"300\" height=\"300\" class=\"wp-image-178\" style=\"width: 300px;\" src=\"https:\/\/foroparaeldiadespues.net.ar\/wp-content\/uploads\/2020\/05\/ANUNCIO-POLITICA-Y-TECNOLOG\u00cdA-MEDICI.jpg\" alt=\"\" srcset=\"https:\/\/foroparaeldiadespues.net.ar\/wp-content\/uploads\/2020\/05\/ANUNCIO-POLITICA-Y-TECNOLOG\u00cdA-MEDICI.jpg 850w, https:\/\/foroparaeldiadespues.net.ar\/wp-content\/uploads\/2020\/05\/ANUNCIO-POLITICA-Y-TECNOLOG\u00cdA-MEDICI-300x300.jpg 300w, https:\/\/foroparaeldiadespues.net.ar\/wp-content\/uploads\/2020\/05\/ANUNCIO-POLITICA-Y-TECNOLOG\u00cdA-MEDICI-150x150.jpg 150w, https:\/\/foroparaeldiadespues.net.ar\/wp-content\/uploads\/2020\/05\/ANUNCIO-POLITICA-Y-TECNOLOG\u00cdA-MEDICI-768x768.jpg 768w, https:\/\/foroparaeldiadespues.net.ar\/wp-content\/uploads\/2020\/05\/ANUNCIO-POLITICA-Y-TECNOLOG\u00cdA-MEDICI-90x90.jpg 90w\" sizes=\"auto, (max-width: 300px) 100vw, 300px\" \/><\/a><\/td><\/tr><tr><td><a href=\"https:\/\/foroparaeldiadespues.net.ar\/?p=110\"><img loading=\"lazy\" decoding=\"async\" width=\"300\" height=\"300\" class=\"wp-image-114\" style=\"width: 300px;\" src=\"https:\/\/foroparaeldiadespues.net.ar\/wp-content\/uploads\/2020\/04\/ANUNCIO-POLITICA-Y-TECNOLOG\u00cdA-4-1.jpg\" alt=\"\" srcset=\"https:\/\/foroparaeldiadespues.net.ar\/wp-content\/uploads\/2020\/04\/ANUNCIO-POLITICA-Y-TECNOLOG\u00cdA-4-1.jpg 850w, https:\/\/foroparaeldiadespues.net.ar\/wp-content\/uploads\/2020\/04\/ANUNCIO-POLITICA-Y-TECNOLOG\u00cdA-4-1-300x300.jpg 300w, https:\/\/foroparaeldiadespues.net.ar\/wp-content\/uploads\/2020\/04\/ANUNCIO-POLITICA-Y-TECNOLOG\u00cdA-4-1-150x150.jpg 150w, https:\/\/foroparaeldiadespues.net.ar\/wp-content\/uploads\/2020\/04\/ANUNCIO-POLITICA-Y-TECNOLOG\u00cdA-4-1-768x768.jpg 768w, https:\/\/foroparaeldiadespues.net.ar\/wp-content\/uploads\/2020\/04\/ANUNCIO-POLITICA-Y-TECNOLOG\u00cdA-4-1-90x90.jpg 90w\" sizes=\"auto, (max-width: 300px) 100vw, 300px\" \/><\/a><\/td><td class=\"has-text-align-center\" data-align=\"center\"><a href=\"https:\/\/foroparaeldiadespues.net.ar\/?p=133\" target=\"_blank\" rel=\"noreferrer noopener\"><img loading=\"lazy\" decoding=\"async\" width=\"300\" height=\"300\" class=\"wp-image-134\" style=\"width: 300px;\" src=\"https:\/\/foroparaeldiadespues.net.ar\/wp-content\/uploads\/2020\/05\/ANUNCIO-POLITICA-Y-TECNOLOG\u00cdA-4-YAYA.jpg\" alt=\"\" srcset=\"https:\/\/foroparaeldiadespues.net.ar\/wp-content\/uploads\/2020\/05\/ANUNCIO-POLITICA-Y-TECNOLOG\u00cdA-4-YAYA.jpg 850w, https:\/\/foroparaeldiadespues.net.ar\/wp-content\/uploads\/2020\/05\/ANUNCIO-POLITICA-Y-TECNOLOG\u00cdA-4-YAYA-300x300.jpg 300w, https:\/\/foroparaeldiadespues.net.ar\/wp-content\/uploads\/2020\/05\/ANUNCIO-POLITICA-Y-TECNOLOG\u00cdA-4-YAYA-150x150.jpg 150w, https:\/\/foroparaeldiadespues.net.ar\/wp-content\/uploads\/2020\/05\/ANUNCIO-POLITICA-Y-TECNOLOG\u00cdA-4-YAYA-768x768.jpg 768w, https:\/\/foroparaeldiadespues.net.ar\/wp-content\/uploads\/2020\/05\/ANUNCIO-POLITICA-Y-TECNOLOG\u00cdA-4-YAYA-90x90.jpg 90w\" sizes=\"auto, (max-width: 300px) 100vw, 300px\" \/><\/a><\/td><\/tr><tr><td><code><a href=\"https:\/\/foroparaeldiadespues.net.ar\/?p=53\" target=\"_blank\" rel=\"noreferrer noopener\"><img loading=\"lazy\" decoding=\"async\" width=\"300\" height=\"300\" class=\"wp-image-54\" style=\"width: 300px;\" src=\"https:\/\/foroparaeldiadespues.net.ar\/wp-content\/uploads\/2020\/04\/ANUNCIO-POLITICA-Y-TECNOLOG\u00cdA-3.jpg\" alt=\"\" srcset=\"https:\/\/foroparaeldiadespues.net.ar\/wp-content\/uploads\/2020\/04\/ANUNCIO-POLITICA-Y-TECNOLOG\u00cdA-3.jpg 850w, https:\/\/foroparaeldiadespues.net.ar\/wp-content\/uploads\/2020\/04\/ANUNCIO-POLITICA-Y-TECNOLOG\u00cdA-3-300x300.jpg 300w, https:\/\/foroparaeldiadespues.net.ar\/wp-content\/uploads\/2020\/04\/ANUNCIO-POLITICA-Y-TECNOLOG\u00cdA-3-150x150.jpg 150w, https:\/\/foroparaeldiadespues.net.ar\/wp-content\/uploads\/2020\/04\/ANUNCIO-POLITICA-Y-TECNOLOG\u00cdA-3-768x768.jpg 768w, https:\/\/foroparaeldiadespues.net.ar\/wp-content\/uploads\/2020\/04\/ANUNCIO-POLITICA-Y-TECNOLOG\u00cdA-3-90x90.jpg 90w\" sizes=\"auto, (max-width: 300px) 100vw, 300px\" \/><\/a><\/code><\/td><td class=\"has-text-align-center\" data-align=\"center\"><a href=\"https:\/\/foroparaeldiadespues.net.ar\/?p=91\" target=\"_blank\" rel=\"noreferrer noopener\"><img loading=\"lazy\" decoding=\"async\" width=\"300\" height=\"300\" class=\"wp-image-92\" style=\"width: 300px;\" src=\"https:\/\/foroparaeldiadespues.net.ar\/wp-content\/uploads\/2020\/04\/ANUNCIO-POLITICA-Y-TECNOLOG\u00cdA-3-1.jpg\" alt=\"\" srcset=\"https:\/\/foroparaeldiadespues.net.ar\/wp-content\/uploads\/2020\/04\/ANUNCIO-POLITICA-Y-TECNOLOG\u00cdA-3-1.jpg 850w, https:\/\/foroparaeldiadespues.net.ar\/wp-content\/uploads\/2020\/04\/ANUNCIO-POLITICA-Y-TECNOLOG\u00cdA-3-1-300x300.jpg 300w, https:\/\/foroparaeldiadespues.net.ar\/wp-content\/uploads\/2020\/04\/ANUNCIO-POLITICA-Y-TECNOLOG\u00cdA-3-1-150x150.jpg 150w, https:\/\/foroparaeldiadespues.net.ar\/wp-content\/uploads\/2020\/04\/ANUNCIO-POLITICA-Y-TECNOLOG\u00cdA-3-1-768x768.jpg 768w, https:\/\/foroparaeldiadespues.net.ar\/wp-content\/uploads\/2020\/04\/ANUNCIO-POLITICA-Y-TECNOLOG\u00cdA-3-1-90x90.jpg 90w\" sizes=\"auto, (max-width: 300px) 100vw, 300px\" \/><\/a><\/td><\/tr><tr><td><\/td><td class=\"has-text-align-center\" data-align=\"center\"><a href=\"https:\/\/foroparaeldiadespues.net.ar\/?p=59\" target=\"_blank\" rel=\"noreferrer noopener\"><img loading=\"lazy\" decoding=\"async\" width=\"300\" height=\"300\" class=\"wp-image-60\" style=\"width: 300px;\" src=\"https:\/\/foroparaeldiadespues.net.ar\/wp-content\/uploads\/2020\/04\/ANUNCIO-POLITICA-Y-TECNOLOG\u00cdA-2.jpg\" alt=\"\" srcset=\"https:\/\/foroparaeldiadespues.net.ar\/wp-content\/uploads\/2020\/04\/ANUNCIO-POLITICA-Y-TECNOLOG\u00cdA-2.jpg 850w, https:\/\/foroparaeldiadespues.net.ar\/wp-content\/uploads\/2020\/04\/ANUNCIO-POLITICA-Y-TECNOLOG\u00cdA-2-300x300.jpg 300w, https:\/\/foroparaeldiadespues.net.ar\/wp-content\/uploads\/2020\/04\/ANUNCIO-POLITICA-Y-TECNOLOG\u00cdA-2-150x150.jpg 150w, https:\/\/foroparaeldiadespues.net.ar\/wp-content\/uploads\/2020\/04\/ANUNCIO-POLITICA-Y-TECNOLOG\u00cdA-2-768x768.jpg 768w, https:\/\/foroparaeldiadespues.net.ar\/wp-content\/uploads\/2020\/04\/ANUNCIO-POLITICA-Y-TECNOLOG\u00cdA-2-90x90.jpg 90w\" sizes=\"auto, (max-width: 300px) 100vw, 300px\" \/><\/a><\/td><\/tr><\/tbody><\/table><\/figure>\n\n\n\n<!--nextpage-->\n\n\n\n<h2 class=\"has-text-align-left wp-block-heading\"><strong><span class=\"has-inline-color has-vivid-cyan-blue-color\">AGENDA POL\u00cdTICA NACIONAL<\/span><\/strong><\/h2>\n\n\n\n<figure class=\"wp-block-image size-large\"><img loading=\"lazy\" decoding=\"async\" width=\"850\" height=\"850\" src=\"https:\/\/foroparaeldiadespues.net.ar\/wp-content\/uploads\/2021\/01\/ANUNCIO-Fondo-Verde-Militar-AGUSTIN-ROSSI.gif\" alt=\"\" class=\"wp-image-988\"\/><figcaption><strong><a href=\"https:\/\/foroparaeldiadespues.net.ar\/?p=987\" target=\"_blank\" rel=\"noreferrer noopener\">VER TODOS LOS VIDEOS<\/a><\/strong><\/figcaption><\/figure>\n\n\n\n<figure class=\"wp-block-image size-large\"><img loading=\"lazy\" decoding=\"async\" width=\"850\" height=\"850\" src=\"https:\/\/foroparaeldiadespues.net.ar\/wp-content\/uploads\/2020\/07\/ANUNCIO-PUNTO-DE-ENCUENTRO-SILEY-2.jpg\" alt=\"\" class=\"wp-image-687\" srcset=\"https:\/\/foroparaeldiadespues.net.ar\/wp-content\/uploads\/2020\/07\/ANUNCIO-PUNTO-DE-ENCUENTRO-SILEY-2.jpg 850w, https:\/\/foroparaeldiadespues.net.ar\/wp-content\/uploads\/2020\/07\/ANUNCIO-PUNTO-DE-ENCUENTRO-SILEY-2-300x300.jpg 300w, https:\/\/foroparaeldiadespues.net.ar\/wp-content\/uploads\/2020\/07\/ANUNCIO-PUNTO-DE-ENCUENTRO-SILEY-2-150x150.jpg 150w, https:\/\/foroparaeldiadespues.net.ar\/wp-content\/uploads\/2020\/07\/ANUNCIO-PUNTO-DE-ENCUENTRO-SILEY-2-768x768.jpg 768w, https:\/\/foroparaeldiadespues.net.ar\/wp-content\/uploads\/2020\/07\/ANUNCIO-PUNTO-DE-ENCUENTRO-SILEY-2-90x90.jpg 90w\" sizes=\"auto, (max-width: 850px) 100vw, 850px\" \/><figcaption><strong><a href=\"https:\/\/foroparaeldiadespues.net.ar\/?page_id=686\" target=\"_blank\" rel=\"noreferrer noopener\">VER TODOS LOS VIDEOS<\/a><\/strong><\/figcaption><\/figure>\n","protected":false},"excerpt":{"rendered":"<p>TEMA P\u00e1gina EL D\u00cdA DESPU\u00c9S 2 ANALFABETISMO TECNOL\u00d3GICO 3 DURANTE LA PANDEMIA&#8230; 4 POL\u00cdTICA Y TECNOLOG\u00cdA 5 AGENDA POL\u00cdTICA NACIONAL 6<\/p>\n","protected":false},"author":1,"featured_media":0,"parent":0,"menu_order":0,"comment_status":"closed","ping_status":"closed","template":"","meta":{"footnotes":""},"class_list":["post-42","page","type-page","status-publish","hentry"],"_links":{"self":[{"href":"https:\/\/foroparaeldiadespues.net.ar\/index.php?rest_route=\/wp\/v2\/pages\/42","targetHints":{"allow":["GET"]}}],"collection":[{"href":"https:\/\/foroparaeldiadespues.net.ar\/index.php?rest_route=\/wp\/v2\/pages"}],"about":[{"href":"https:\/\/foroparaeldiadespues.net.ar\/index.php?rest_route=\/wp\/v2\/types\/page"}],"author":[{"embeddable":true,"href":"https:\/\/foroparaeldiadespues.net.ar\/index.php?rest_route=\/wp\/v2\/users\/1"}],"replies":[{"embeddable":true,"href":"https:\/\/foroparaeldiadespues.net.ar\/index.php?rest_route=%2Fwp%2Fv2%2Fcomments&post=42"}],"version-history":[{"count":61,"href":"https:\/\/foroparaeldiadespues.net.ar\/index.php?rest_route=\/wp\/v2\/pages\/42\/revisions"}],"predecessor-version":[{"id":1008,"href":"https:\/\/foroparaeldiadespues.net.ar\/index.php?rest_route=\/wp\/v2\/pages\/42\/revisions\/1008"}],"wp:attachment":[{"href":"https:\/\/foroparaeldiadespues.net.ar\/index.php?rest_route=%2Fwp%2Fv2%2Fmedia&parent=42"}],"curies":[{"name":"wp","href":"https:\/\/api.w.org\/{rel}","templated":true}]}}