{"id":566,"date":"2020-06-28T12:29:07","date_gmt":"2020-06-28T15:29:07","guid":{"rendered":"https:\/\/foroparaeldiadespues.net.ar\/?page_id=566"},"modified":"2020-07-21T19:23:32","modified_gmt":"2020-07-21T22:23:32","slug":"los-derechos-de-las-teletrabajadoras-y-los-teletrabajadores","status":"publish","type":"page","link":"https:\/\/foroparaeldiadespues.net.ar\/?page_id=566","title":{"rendered":"LOS DERECHOS DE LAS TELETRABAJADORAS Y LOS TELETRABAJADORES"},"content":{"rendered":"\n<hr class=\"wp-block-separator\"\/>\n\n\n\n<h4 class=\"has-text-align-center wp-block-heading\"><a href=\"https:\/\/foroparaeldiadespues.net.ar\/?page_id=622\">REPERCUSIONES EN LA PRENSA<\/a><\/h4>\n\n\n\n<hr class=\"wp-block-separator\"\/>\n\n\n\n<div class=\"wp-block-image\"><figure class=\"aligncenter size-large\"><img loading=\"lazy\" decoding=\"async\" width=\"709\" height=\"235\" src=\"https:\/\/foroparaeldiadespues.net.ar\/wp-content\/uploads\/2020\/06\/Logo-Punto-de-Encuentro-Teletrabajo-Small-1.jpg\" alt=\"\" class=\"wp-image-572\" srcset=\"https:\/\/foroparaeldiadespues.net.ar\/wp-content\/uploads\/2020\/06\/Logo-Punto-de-Encuentro-Teletrabajo-Small-1.jpg 709w, https:\/\/foroparaeldiadespues.net.ar\/wp-content\/uploads\/2020\/06\/Logo-Punto-de-Encuentro-Teletrabajo-Small-1-300x99.jpg 300w\" sizes=\"auto, (max-width: 709px) 100vw, 709px\" \/><\/figure><\/div>\n\n\n\n<h2 class=\"has-vivid-cyan-blue-color has-text-color has-text-align-center wp-block-heading\">Declaraci\u00f3n del Punto de Encuentro Teletrabajo PDET<\/h2>\n\n\n\n<h5 class=\"has-vivid-cyan-blue-color has-text-color has-text-align-center wp-block-heading\"> 29 de junio de 2020<\/h5>\n\n\n\n<p><strong>E<\/strong>l crecimiento de la modalidad de teletrabajo y teleempleo est\u00e1 produciendo cambios en las pr\u00e1cticas laborales de un nivel de complejidad y profundidad que obliga a transitar un camino de reconsideraci\u00f3n de conceptos y estrategias en la defensa de los derechos de trabajadores y trabajadoras.<\/p>\n\n\n\n<p>Tres principios enunciados por el Papa Francisco iluminan ese camino: la praxis es superior a la teor\u00eda, el tiempo es superior al espacio y el poliedro explica m\u00e1s que la esfera. Esos principios le dan sentido al origen y funcionamiento del <strong>Punto de Encuentro Teletrabajo (PDET)<a href=\"#_ftn1\"><strong>[1]<\/strong><\/a><\/strong>.<\/p>\n\n\n\n<p>En el <strong>PDET <\/strong>la calidad de los procesos es prioritaria, porque se reconoce como condici\u00f3n necesaria para alcanzar calidad en los productos. Con una perspectiva que acompasa sus tiempos a los tiempos sociales. Integrando las ideas y las historias de quienes, portando diferentes experiencias de vida y conocimientos diversos, se encuentran para trabajar tras un objetivo com\u00fan: la defensa de los derechos de los trabajadores y las trabajadoras ante el nuevo escenario que instala la modalidad de teletrabajo y teleempleo.<\/p>\n\n\n\n<p>En ese contexto, el <strong>PDET<\/strong> ha producido la declaraci\u00f3n \u00abLos derechos de las teletrabajadoras y los teletrabajadores\u00bb. &nbsp;Un documento que hace p\u00fablica una tarea que se contin\u00faa en sus Grupos Tem\u00e1ticos y que anhela ser \u00fatil en cada espacio donde sea necesario discutir y acordar esos derechos.<a href=\"#_ftn2\">[2]<\/a><\/p>\n\n\n\n<h3 class=\"has-text-align-center wp-block-heading\"><strong><span class=\"has-inline-color has-vivid-cyan-blue-color\">LOS DERECHOS DE LAS TELETRABAJADORAS Y LOS TELETRABAJADORES<\/span><\/strong><\/h3>\n\n\n\n<blockquote class=\"wp-block-quote is-layout-flow wp-block-quote-is-layout-flow\"><p><em>\u00abSabemos que la tecnolog\u00eda, de la cual recibimos tantos beneficios y oportunidades, puede obstaculizar el desarrollo sustentable cuando est\u00e1 asociada a un paradigma de poder, dominio y manipulaci\u00f3n. En el contexto actual, conocido como la cuarta revoluci\u00f3n industrial, caracterizado por esta rapidaci\u00f3n y la refinada tecnolog\u00eda digital, la rob\u00f3tica, y la inteligencia artificial, el mundo necesita de voces como la de ustedes. Son los trabajadores quienes, en su lucha por la jornada laboral justa, han aprendido a enfrentarse con una mentalidad utilitarista, cortoplacista, y manipuladora\u00bb.<\/em><\/p><cite><strong><em>Carta de Francisco al Cardenal Turkson con motivo de la Conferencia Internacional \u00abDe PopulorumProgressio A Laudato Si\u00bb &#8211; Noviembre de 2017<\/em><\/strong><\/cite><\/blockquote>\n\n\n\n<p>Los abajo firmantes hemos aportado nuestras ideas al trabajo de articulaci\u00f3n y sistematizaci\u00f3n que realiza el Punto de Encuentro Teletrabajo PDET. En ese rol, queremos ratificar y hacer nuestros los contenidos del Proyecto de Ley que establece los derechos de los teletrabajadores y las teletrabajadoras y que obtuviera aprobaci\u00f3n en Diputados, pasando para su tratamiento al Senado el 25 de junio de 2020.<\/p>\n\n\n\n<p>Este concepto viene siendo sostenido a lo largo de innumerables debates y por una trayectoria de m\u00e1s de hace 20 a\u00f1os por el proyecto de Alfabetizaci\u00f3n Tecnol\u00f3gica llevado a cabo por la Organizaci\u00f3n Civil Infoworkers Trabajadores de la Informaci\u00f3n.<\/p>\n\n\n\n<p>Entendemos al teletrabajo como aquella modalidad del contrato de trabajo que consiste en la ejecuci\u00f3n de obras o prestaciones de servicios en la que el trabajador o la trabajadora las realiza total o parcialmente en su domicilio o en lugares distintos al establecimiento del empleador mediante la utilizaci\u00f3n de tecnolog\u00edas de la informaci\u00f3n y la comunicaci\u00f3n.<\/p>\n\n\n\n<p>Concebimos a la negociaci\u00f3n colectiva como una herramienta fundamental para determinar el derecho de trabajadores y trabajadoras en el marco de la normativa vigente y los derechos que ostentan el resto de los trabajadores como parte del movimiento sindical argentino.<\/p>\n\n\n\n<p>Sostenemos que los teletrabajadores y las teletrabajadoras deben gozar de los mismosderechos que tienen aquellos y aquellas cuya modalidad en la prestaci\u00f3n sea presencial, siendo los convenios colectivos instrumentos adecuados para ajustar las condiciones particulares en que se prestan esos servicios.<\/p>\n\n\n\n<p>Sostenemos la plena vigencia y el necesario reforzamiento de los derechos colectivos en la modalidad del teletrabajo, promoviendo una representaci\u00f3n de acuerdo al modelo sindical argentino, en el que teletrabajadores y teletrabajadoras sean reconocidos como pertenecientes a la actividad en que se desarrollen.<\/p>\n\n\n\n<p>El derecho a la desconexi\u00f3n digital, entendido como garant\u00eda a la interrupci\u00f3n en la conectividad de dispositivos y sistemas tecnol\u00f3gicos fuera de los horarios de trabajo y como la prohibici\u00f3n al empleador de establecer la realizaci\u00f3n de tareas fuera de aquellos, resulta fundamental para el respeto de la jornada de trabajo.<\/p>\n\n\n\n<p>La incorporaci\u00f3n de la perspectiva de g\u00e9nero resulta saludable para el desarrollo de esta modalidad, incluyendo herramientas que garanticen por un lado la compatibilizaci\u00f3n de los tiempos de trabajo con los tiempos familiares y de descanso y, por el otro, evitando la sobrecarga con las tareas no remuneradas en el hogar.<\/p>\n\n\n\n<p>El principio de reversibilidad es uno de los elementos centrales de esta modalidad laboral, actuando como garant\u00eda de la voluntariedad.<\/p>\n\n\n\n<p>El proceso de Alfabetizaci\u00f3n Tecnol\u00f3gica resulta indispensable para establecer una verdadera movilidad social ascendente de todos y todas los trabajadores y las trabajadoras, y constituye una herramienta fundamental para que puedan acceder a las nuevas tecnolog\u00edas y, por tanto, a la nueva modalidad de contrato de trabajo, permitiendo una mejor adecuaci\u00f3n a la misma y la reducci\u00f3n de la brecha digital.<\/p>\n\n\n\n<p>En materia de condiciones y medioambiente de trabajo (CyMAT) resulta indispensable que la autoridad de aplicaci\u00f3n dicte -adem\u00e1s de las ya existentes- las normas pertinentes con el objetivo de brindar una protecci\u00f3n adecuada, cuyo eje sea la prevenci\u00f3n y con cobertura integral del sistema de riesgos del trabajo.<\/p>\n\n\n\n<p>Esta declaraci\u00f3n, expresa nuestras m\u00e1s altas convicciones en el sentido de entrar en una senda virtuosa donde las Tecnolog\u00edas Convenientes, la negociaci\u00f3n colectiva y el di\u00e1logo social, el respeto del modelo sindical argentino, el resguardo de la dignidad y la vida y, en definitiva, la justicia social sean los elementos centrales que gu\u00eden a la modalidad del Teletrabajo a partir de la salida del aislamiento social, preventivo y obligatorio y la superaci\u00f3n de la pandemia de COVID-19.<\/p>\n\n\n\n<hr class=\"wp-block-separator\"\/>\n\n\n\n<p class=\"has-small-font-size\"><em><a href=\"#_ftnref1\">[1]<\/a>El 1\u00ba y el 8 de mayo de 2020, los destacados abogados laboralistas Oscar Cuartango y Ra\u00fal Ferrara expusieron en la sala de Alfabetizaci\u00f3n Tecnol\u00f3gica del Foro para el D\u00eda Despu\u00e9s. Ambas teleconferencias alcanzaron un notable nivel de calidad conceptual, tanto por el nivel que le imprimieron sus expositores como por el aporte de dirigentes gremiales, pol\u00edticos y sociales, referentes t\u00e9cnicos y laboralistas que participaron en las mismas.Los temas recurrentes de todos los aportes fueron el impacto de las innovaciones tecnol\u00f3gicas en las condiciones de trabajo y la aceleraci\u00f3n de ese proceso a partir de la pandemia que asola a la Humanidad, lo que determin\u00f3 la conveniencia de profundizarlos a trav\u00e9s de una sist\u00e9mica que facilite la elaboraci\u00f3n de conclusiones que constituyan un aporte positivo a la conceptualizaci\u00f3n de esta tem\u00e1tica en sus aspectos funcionales y legales a partir de los derechos laborales vigentes.<\/em><\/p>\n\n\n\n<p class=\"has-small-font-size\"><em><a href=\"#_ftnref2\">[2]<\/a>Forman parte del PDET:Alberto Aller, Luis Antonioli, Mauricio Banegas, Alejandro Bellicoso, Elizabeth Benitez, Alejandra Bonato, Alberto Botto, Horacio Bossio, Rosana Cabrera, Gabriela Cericola, Oscar Cuartango, Aliza Damiani, Ra\u00fal Ferrara, Romina Fleita, Jaqueline L\u00f3pez, Juan Manuel Mart\u00ednez Chas, Rub\u00e9n Antonio Masetro, Sonia Orozco, Jorge Pascualini Stettler, Haydee Regolf, Lidia Seratti, Julio Sosa, Alejandro Dar\u00edo Su\u00e1rez, Rosana Tortosa, Jorge Zaccagnini<\/em><\/p>\n\n\n\n<hr class=\"wp-block-separator\"\/>\n\n\n\n<div style=\"display:block\">\n<!-- FlowPaper PDF flipbook plugin v.2.0.7 wordpress.org\/plugins\/flowpaper\/ -->\n<iframe title=\"FlowPaper flipbook pdf viewer\" width=\"100%\" height=\"500\" scrolling=\"no\" class=\"flowpaper-class\" frameborder=\"0\" allowFullScreen=\"true\" lightbox=\"false\" cover id src = \"https:\/\/flowpaper.com\/flipbook\/?pdf=https:\/\/foroparaeldiadespues.net.ar\/wp-content\/uploads\/2020\/06\/LOS-DERECHOS-DE-TELETRABAJADORAS-Y-TELETRABAJADORES.pdf?wp-hosted=1&title=&header=&theme=&singlepage=&thumbs=1&modified=200721723\" seamless=\"seamless\" style=\"margin-bottom:0;display:block;\">Your browser does not seem to support iframes. <a href=\"https:\/\/flowpaper.com\/flipbook\/?pdf=https:\/\/foroparaeldiadespues.net.ar\/wp-content\/uploads\/2020\/06\/LOS-DERECHOS-DE-TELETRABAJADORAS-Y-TELETRABAJADORES.pdf?wp-hosted=1\" target=\"_blank\">Click here to read this PDF<\/a>.<\/iframe>\n<div id=\"flowpaper-logo-bottom\" class=\"flowpaper-logo-bg\" style=\"background:linear-gradient(to right, rgba(0,0,0,0.65) 0%,rgba(0,0,0,0) 200px);width:100%;height:19px; padding-bottom: 1px; padding-left: 5px; padding-right: 10px; display: flex; align-items: center;z-index:9999\"><span style=\"height: 37px; padding-left: 6px;width:90%\"> <a id=\"flowpaper-link\" style=\"fill: #fff\" alt=\"FlowPaper logotype\" title=\"FlowPaper logotype\" href=\"https:\/\/flowpaper.com\" target=\"_blank\"> <img decoding=\"async\" alt=\"Publish PDF flipbooks online\" style=\"height:17px;width:auto;margin-top:11px;\" src=\"https:\/\/foroparaeldiadespues.net.ar\/wp-content\/plugins\/flowpaper-lite-pdf-flipbook\/assets\/flowpaper-logo.png\" border=\"0\"> <\/a> <\/span><span style=\" float: right; right: 0; font-size: 10px; white-space: nowrap; opacity:0.8\"><a href=\"https:\/\/flowpaper.com\/flipbook-maker\/\" target=\"_new\" style=\"text-decoration:none;border-bottom:none;\">Created using FlowPaper Flipbook Maker &#8599;<\/a><\/span><\/div><\/div>\r\n                <script>\r\n                document.addEventListener(\"DOMContentLoaded\", function(){\r\n                    var target_element, iframe_element;\r\n                    iframe_element = document.querySelector(\"iframe.flowpaper-class\");\r\n                    target_element = document.querySelector(\"\");\r\n                    iframe_element.style.height = target_element.offsetHeight + \"px\";\r\n                });\r\n                <\/script>\r\n            \n\n\n\n<hr class=\"wp-block-separator\"\/>\n\n\n\n<h5 class=\"has-vivid-cyan-blue-color has-text-color has-text-align-center wp-block-heading\">PARA ADHERIR A ESTA DECLARACI\u00d3N, COMPLET\u00c1 EL SIGUIENTE FORMULARIO<\/h5>\n\n\n\n<p>[contact-form-7 id=\u00bb578&#8243; title=\u00bbFormulario Adhesi\u00f3n Teletrabajo\u00bb]<\/p>\n\n\n\n<hr class=\"wp-block-separator\"\/>\n\n\n\n<figure class=\"wp-block-table\"><table><tbody><tr><td><strong><em>Omar Plaini<\/em><\/strong> <em>Dirigente sindical y senador provincial &#8211; Presidente de la Comisi\u00f3n de Legislaci\u00f3n del Trabajo y Social &#8211; &nbsp;C\u00e1mara de Senadores de la Provincia de Buenos Aires.<\/em><\/td><td><strong><em>Roberto Bonetti<\/em><\/strong> <em>Secretario General Adj. de la Uni\u00f3n Obrera Metal\u00fargica &#8211;<\/em> <em>Seccional Capital<\/em><\/td><\/tr><tr><td><strong><em>Soledad Alonso<\/em><\/strong> <em>Diputada Provincial PBA, Presidenta de la Comisi\u00f3n<\/em> <em>de Trabajo y Secretaria de Prensa del SECASFPI<\/em><\/td><td><strong><em>Alberto Botto<\/em><\/strong> <em>Secretario General del Sindicato<\/em> <em>de Luz y Fuerza de Rosario<\/em><\/td><\/tr><tr><td><strong><em>Agust\u00edn Amicone<\/em><\/strong> <em>Secretario General de la &nbsp;Uni\u00f3n de Trabajadores de la Industria del Calzado (Uticra)<\/em><strong><em><\/em><\/strong><\/td><td><strong><em>Carlos \u00abPancho\u00bb Gait\u00e1n<\/em><\/strong> <em>Dirigente Gremial. Miembro de la Comisi\u00f3n Mundial de Estatutos, Finanzas y Estructuras de INDUSTRIALL<\/em><strong><em><\/em><\/strong><\/td><\/tr><tr><td><strong><em>Miguel \u00c1ngel Paniagua<\/em><\/strong> <em>Secretario General del Sindicato \u00danico de Trabajadores del Espect\u00e1culo P\u00fablico y Afines de la Rep\u00fablica Argentina (SUTEP)<\/em><\/td><td><strong><em>Pimpi Colombo<\/em><\/strong> <em>Secretaria General del Sindicato de<\/em> <em>Amas de Casa de la Rep\u00fablica Argentina SACRA<\/em><\/td><\/tr><tr><td><strong><em>Oscar Lamberto<\/em><\/strong> <em>Ex Presidente de AGN &#8211; Ex Legislador Nacional<\/em><strong><em><\/em><\/strong><\/td><td><strong><em>Oscar Cuartango<\/em><\/strong> <em>Ex ministro de Trabajo de la PBA &#8211; Referente<\/em> <em>del Grupo Descartes<\/em><strong><em><\/em><\/strong><\/td><\/tr><tr><td><strong><em>Tom\u00e1s Calvo<\/em><\/strong> <em>Abogado laboralista &#8211; Apoderado de la Uni\u00f3n Obrera Metal\u00fargica de la Rep\u00fablica Argentina<\/em><strong><em><\/em><\/strong><\/td><td><strong><em>Horacio Bossio<\/em><\/strong> <em>Presidente de la Asociaci\u00f3n Civil Infoworkers<\/em> <em>Trabajadores de la Informaci\u00f3n<\/em><strong><em><\/em><\/strong><\/td><\/tr><tr><td><strong><em>Jorge Zaccagnini<\/em><\/strong> <em>Tecn\u00f3logo &#8211; Foro para el D\u00eda Despu\u00e9s<\/em> <em>Coordinador del Punto de Encuentro Teletrabajo<\/em><strong><em><\/em><\/strong><\/td><td><strong><em>Mariana V\u00e9lez<\/em><\/strong> <em>Secretaria General del Sindicato de<\/em> <em>Trabajadores Municipales de Rivadavia<\/em><strong><em><\/em><\/strong><\/td><\/tr><tr><td><strong><em>Ra\u00fal Ferrara<\/em><\/strong> <em>Abogado laboralista &#8211; Grupo Descartes<\/em> <em>Coordinador del Punto de Encuentro Teletrabajo<\/em><strong><em><\/em><\/strong><\/td><td><strong><em>Juan Manuel Mart\u00ednez Chas<\/em><\/strong> <em>Abogado laboralista<\/em> <em>Coordinador del Punto de Encuentro Teletrabajo<\/em><strong><em><\/em><\/strong><\/td><\/tr><tr><td><strong><em>Roberto Pons<\/em><\/strong> <em>Economista &#8211; Profesor honorario UBA &#8211; Subdirector Departamento de Econom\u00eda FCE<\/em><strong><em><\/em><\/strong><\/td><td><strong><em>Julio C\u00e9sar Neffa<\/em><\/strong> <em>Licenciado en Econom\u00eda Pol\u00edtica, UBA &#8211; Doctor en Sciences Sociales<\/em> <em>du Travail de la Universidad de Paris<\/em><strong><em><\/em><\/strong><\/td><\/tr><tr><td><strong><em>Alberto Aller<\/em><\/strong> <em>Secretario del Foro para una Nueva Pol\u00edtica Industrial<\/em> <em>FONPI<\/em><strong><em><\/em><\/strong><\/td><td><strong><em>&nbsp;Hugo Melo<\/em><\/strong> <em>Secretario General Secc Uom Matanza<\/em><\/td><\/tr><tr><td><strong><em>Luis Antonioli<\/em><\/strong> <em>Lic. en Ciencias Politicas,<\/em> <em>ex Subsecretario de Empleo PBA<\/em><strong><em><\/em><\/strong><\/td><td><strong><em>Elizabeth Ben\u00edtez<\/em><\/strong> <em>Abogada laboralista<\/em><strong><em><\/em><\/strong><\/td><\/tr><tr><td><strong><em>Jaqueline L\u00f3pez<\/em><\/strong> <em>Licenciada en Trabajo Social<\/em><\/td><td><strong><em>Lidia Seratti<\/em><\/strong> <em>Experta en TIC &#8211; MinCyT, Mesa Ejecutiva de COPITEC<\/em><\/td><\/tr><tr><td><em><strong>Carlos Enrique Gdansky <\/strong><br>Diputado Nacional MC<\/em><\/td><td><strong><em>Alejandra Bonato<\/em><\/strong> <em>Profesora de Ense\u00f1anza Primaria<\/em><\/td><\/tr><tr><td><strong><em>Mauricio Benegas<\/em><\/strong> <em>En\u00f3logo &#8211; Coordinador de fiscalizaci\u00f3n de la Regi\u00f3n Cuyo en el Ministerio de Trabajo de la Naci\u00f3n<\/em><\/td><td><strong><em>Alejandro Bellicoso<\/em><\/strong> <em>Secretar\u00eda de DD.HH. del Sindicato deEmpleados de Comercio de CABA<\/em><\/td><\/tr><tr><td><strong><em>Rosana Cabrera<\/em><\/strong> <em>Especialista en Gesti\u00f3n de Pol\u00edticas P\u00fablicas -Lic. en Relaciones del Trabajo<\/em><\/td><td><strong><em>Gabriela Cericola<\/em><\/strong> <em>\u00c1rea de Relaciones Intersindicales, DDHH, Genero e Igualdad del Sindicato de Luz y Fuerza<\/em><\/td><\/tr><tr><td><strong><em>Aliza Damiani<\/em><\/strong> <em>Diputada m.c. 2011- 2015 Pcia de Santa Fe<\/em><strong><em><\/em><\/strong><\/td><td><strong><em>Romina Fleita<\/em><\/strong> <em>Estudiante de la carrera de Relaciones Laborales de la Universidad de Lomas de Zamora<\/em><strong><em><\/em><\/strong><\/td><\/tr><tr><td><strong><em>Rub\u00e9n Antonio Masetro<\/em><\/strong> <em>Trabajador cuentapropista<\/em><\/td><td><strong><em>Sonia Orozco<\/em><\/strong> <em>Docente.&nbsp; Militante del grupo Descartes<\/em><\/td><\/tr><tr><td><strong><em>Haydee Regolf<\/em><\/strong> <em>Especialista en Educaci\u00f3n de Adultos<\/em><\/td><td><strong><em>Julio Sosa<\/em><\/strong> <em>Empresario<\/em><\/td><\/tr><tr><td><strong><em>Alejandro Dar\u00edo Su\u00e1rez<\/em><\/strong> <em>Ingeniero en seguridad ambiental<\/em> <em>Licenciado en higiene y seguridad en el trabajo<\/em><\/td><td><strong><em>Rosana Tortosa<\/em><\/strong> <em>Periodista<\/em><\/td><\/tr><tr><td><strong><em>Osvaldo Pereyra<\/em><\/strong> <em>Delegado Gremial del SUOEM C\u00f3rdoba<\/em><strong><em><\/em><\/strong><\/td><td><strong><em>Ernesto Seguel<\/em><\/strong> <em>Subsecretario de Trabajo de Neuqu\u00e9n<\/em><strong><em><\/em><\/strong><\/td><\/tr><tr><td><strong><em>Marcelo Pedehontaa<\/em><\/strong> <em>Secretario de Trabajo de La Pampa<\/em><\/td><td><strong><em>Eduardo Costelo<\/em><\/strong> <em>Abogado laboralista &#8211; Ex Ministro de Trabajo de Salta<\/em><\/td><\/tr><tr><td><strong><em>Myriam Espinosa<\/em><\/strong> <em>Secretaria de Trabajo de La Rioja<\/em><strong><em><\/em><\/strong><\/td><td><strong><em>Silvio Puchetta<\/em><\/strong> <em>Delegado Departamental Delegaci\u00f3n Federaci\u00f3n de la Secretaria de trabajo y S. Social Entre R\u00edos<\/em><strong><em><\/em><\/strong><\/td><\/tr><tr><td><strong><em>Guillermo Soria Paz<\/em><\/strong> <em>Ex Director de Higiene y Seguridad<\/em> <em>Ministerio de Trabajo PBA<\/em><strong><em><\/em><\/strong><\/td><td><strong><em>Liliana Spoljaric<\/em><\/strong> <em>Legisladora provincial frente chaque\u00f1o<\/em><strong><em><\/em><\/strong><\/td><\/tr><tr><td><strong><em>Gustavo Cousirat<\/em><\/strong> <em>Abogado laboralista, asesor del Sindicato de Choferes de Camiones Deleg. Avellaneda<\/em><\/td><td><strong><em>Antonio Maltana<\/em><\/strong> <em>Coordinador General del Congreso Panamericano de Ferrocarriles. Integrante C\u00e1mara de Industriales Ferroviarios<\/em><\/td><\/tr><tr><td><strong><em>Alberto Lettieri<\/em><\/strong> <em>Doctor en Historia UBA &#8211; Conicet<\/em><\/td><td><strong><em>Mar\u00eda Eugenia Cuartango<\/em><\/strong> <em>Militante Grupo Descartes<\/em><\/td><\/tr><tr><td><strong><em>Juan Jos\u00e9 Bergia<\/em><\/strong> <em>Presidente Partido Nepar<\/em> <em>Diputado provincial bloque Nepar<\/em><\/td><td><strong><em>Alejandro Curcio<\/em><\/strong> <em>Abogado y apoderado de SUTEP<\/em><\/td><\/tr><tr><td><strong><em>Juan Manuel Pedrini<\/em><\/strong> <em>Jefe de Bloque del Frente Chaque\u00f1o<\/em> <em>Diputado provincial<\/em><\/td><td><strong><em>Juan Carlos Ayala<\/em><\/strong> <em>Diputado provincial Frente Chaque\u00f1o<\/em><\/td><\/tr><tr><td><strong><em>Marino Calcopietro<\/em><\/strong> <em>Abogado Laboralista- Ex Subdirector Nacional de Relaciones Laborales<\/em><\/td><td><strong><em>Guillermo Ren\u00e9 Llanes<\/em><\/strong> <em>Delegado Normalizador del SITRAED (Sindicato de Trabajadores de la Educaci\u00f3n de Chubut)<\/em><\/td><\/tr><tr><td><strong><em>Y\u00e9sica Ayala<\/em><\/strong> <em>Diputada Provincial Frente Chaque\u00f1o<\/em><\/td><td><strong><em>Elsa Insaurralde<\/em><\/strong> <em>Diputada Provincial Frente Chaque\u00f1o<\/em><\/td><\/tr><tr><td><strong><em>Jorge Carpinetti<\/em><\/strong> <em>Relator Comisi\u00f3n de Legislaci\u00f3n del Trabajo &#8211; C\u00e1mara de Senadores de la Provincia de Buenos Aires<\/em><\/td><td><strong><em>Pablo Marquez<\/em><\/strong> <em>Asesor &#8211; &nbsp;C\u00e1mara de Senadores<\/em> <em>de la Provincia de Buenos Aires<\/em><\/td><\/tr><tr><td><strong><em>Sergio Ortiz<\/em><\/strong> <em>Sec De Juventud del Sind de Comercio de Capital y Secretario de Organizaci\u00f3n de La Juventud Sindical<\/em><\/td><td><strong><em>Fernando Sebastian Zarza<\/em><\/strong> <em>Presidente Parte Misiones<\/em><\/td><\/tr><tr><td><strong><em>Mario Mobilio<\/em><\/strong> <em>Secr. Gral. Agrupaci\u00f3n Peronista Vial<\/em><\/td><td><strong><em>Lic Richard Llanqueleo<\/em><\/strong> <em>Concejal Municipal Frente de Todos<\/em> <em>Valcheta R\u00edo Negro<\/em><\/td><\/tr><tr><td><strong><em>Pascual A. Rucireto<\/em><\/strong> <em>Abogado laboralista<\/em><strong><em><\/em><\/strong><\/td><td><strong><em>Mar\u00eda Jos\u00e9 Herrera<\/em><\/strong> <em>Ex Directora de Empleo del Ministerio de Trabajo PBA<\/em><strong><em><\/em><\/strong><\/td><\/tr><tr><td><strong><em>Manuel Fasano<\/em><\/strong> <em>Militante Grupo Descartes<\/em><strong><em><\/em><\/strong><\/td><td><strong><em>Marcelo Seijas<\/em><\/strong> <em>Administrador Gubernamental<\/em><strong><em><\/em><\/strong><\/td><\/tr><tr><td><em><strong>Juan Jos\u00e9 Busleiman&nbsp;<\/strong>Subsecretario <\/em><br><em>de trabajo Provincia de La Rioja<\/em><\/td><td><strong><em>Juan Manuel Moukarzel<\/em><\/strong> <em>Docente<\/em><strong><em><\/em><\/strong><\/td><\/tr><tr><td><strong><em>Ana Isabel Obreg\u00f3n<\/em><\/strong> <em>Secretaria Adjunta del Sindicato de trabajadores de enfermer\u00eda SITRE<\/em><\/td><td><strong><em>Maria Natalia Mustillo<\/em><\/strong> <em>Ex Secretaria de Empleo y Trabajo de la Provincia del Chaco<\/em><\/td><\/tr><tr><td><strong><em>Julieta Motta<\/em><\/strong> <em>Militante de la Juventud Peronista La Plata<\/em><\/td><td><strong><em>Octavio Romero<\/em><\/strong> <em>Militante de la Juventud Peronista La Plata y la Secretaria de Asuntos Secundarios del Partido Justicialista<\/em><\/td><\/tr><tr><td><strong><em>Juana Ayel\u00e9n Poletti <\/em><\/strong><em>Militante de la Juventud Peronista La Plata. Congresal del PJ de la provincia de Buenos Aires y consejera provincial del Pj por Juventud<\/em><\/td><td><strong><em>Joaqu\u00edn Mart\u00ednez<\/em><\/strong> <em>Militante de la Juventud Peronista La Plata y la agrupaci\u00f3n La 49 en la facultad de Derecho de la UNLP<\/em><\/td><\/tr><tr><td><strong><em>Emilio Augusto Raffo<\/em><\/strong> <em>Experto Electiral S<\/em>enior<\/td><td><strong><em>Analia Apollonio<\/em><\/strong> <em>Abogada. A\/C AT La Matanza del MTEYSS<\/em><\/td><\/tr><tr><td><em><strong>Mar\u00eda Eugenia Jamarlli<\/strong> Procuradora en derecho -Gabinete Diputado Posadas<\/em><\/td><td><em><strong>Ricardo A Palacios<\/strong> Asesor legislatura de Jujuy<\/em><\/td><\/tr><tr><td><strong><em>F\u00e1tima Isabel Maguna<\/em><\/strong> <em>Directora en la Direcci\u00f3n General de Polic\u00eda de Trabajo de la Secretaria de trabajo de la provincia de La Rioja<\/em><\/td><td><em><strong>Cristina Beatriz Herrera <\/strong>Directora General Asuntos Jur\u00eddicos de la Secretaria de Trabajo La Rioja<\/em>.<\/td><\/tr><tr><td><strong><em>Maria Ofelia Sendes<\/em><\/strong><em> Ex Directora de Delegaciones Regionales de Trabajo y Empleo del Ministerio de Trabajo de la Pcia de la Pcia de Bs A<\/em>s<\/td><td><strong><em>In\u00e9s Bienati<\/em><\/strong> <em>Econom\u00eda social, consumo, tecnologia<\/em><\/td><\/tr><tr><td><strong><em>Cristian Montano<\/em><\/strong> <em>Sec de prensa y capacitaron de la federaci\u00f3n aceitera , juventud sindical peronista Bahia Blanca<\/em><\/td><td><strong><em>Luis Francisco Faggiani<\/em><\/strong> <em>Delegado Regional. CGT Regional Centro Sur, La Pampa<\/em><\/td><\/tr><tr><td><strong><em>Griselda Noem\u00ed Herrera<\/em><\/strong> <em>Directora Ejecutiva UGL 25 LA RIOJA<\/em><\/td><td><strong><em>Raquel Estefania Minni<\/em><\/strong> <em>Abogada- La Plata<\/em><\/td><\/tr><tr><td><strong><em>Fernando Posadas<\/em><\/strong> <em>Diputado Provincial del Frente de todos -Jujuy<\/em><\/td><td><strong><em>Gustavo Gris<\/em><\/strong> <em>Congresal Sindicato Argentino de Televisi\u00f3n (SATSAID) por C\u00f3rdoba<\/em><\/td><\/tr><tr><td><strong><em>Ana Nu\u00f1ez<\/em><\/strong> <em>Secretaria de Cultura y Derechos Humanos UTEDYC Nacional ..Referente de la Mesa de mujeres Fuerza Sindical<\/em><\/td><td><strong><em>Miguel Pac\u00edfico Lobo<\/em><\/strong> <em>Abogado Laboralista La Matanza<\/em><\/td><\/tr><tr><td><strong><em>Maria Jose Alvarez Fernandez<\/em><\/strong>  <em>Abogada independiente<\/em><\/td><td><strong><em>Maria Cecilia Delgado<\/em><\/strong> <em>Abogada. Especialista en Dcho. Administrativo. Junta Electoral Secc. Casa Central Asoc. de Empleados Rentas e Inmobiliaria \u2013 AERI.<\/em><\/td><\/tr><tr><td><strong><em>Alcides Aguirre<\/em><\/strong> <em>Secretario creador de Teletrabajo y Sociedad, catedra libre UNLP<\/em><\/td><td><strong><em>Mariana MORETTI<\/em><\/strong> <em>Directora Acad\u00e9mica de la C\u00e1tedra libre Teletrabajo y Sociedad UNLP. Programa Radial Tecnolog\u00eda Y SOCIEDAD. Calculista Cient\u00edfico. Teletrabajadora por 15 a\u00f1os en IBM Argentina<\/em><\/td><\/tr><tr><td><strong><em>Noelia Allende<\/em><\/strong> <em>Trabajadora zona oeste ( Rubro Teletrabajo). Moreno<\/em><\/td><td><em><strong>Maria Jose Herrera<\/strong><\/em> <em>Ex Directora de Grupos Vulnerables y Scio. Colocaci\u00f3n Laboral Personas con Discapacidad Mario. Trabajo Pcia. Bs. As<\/em><\/td><\/tr><tr><td><em><strong>Alejandro Suarez<\/strong> Ingeniero en seguridad ambiental Licenciado en higiene y seguridad en el trabajo<\/em><\/td><td><strong><em>Alcides Aguirre<\/em><\/strong> <em>Secretario Acad\u00e9mico de c\u00e1tedra libre Teletrabajo y Sociedad UNLP<\/em> <\/td><\/tr><tr><td><em><strong>Marta Muriel<\/strong> Docente<\/em><\/td><td><strong><em>Diego Ivan Pereyra<\/em><\/strong> <em>Trabajador de mantenimiento de rambla y Seguridad Privada<\/em><\/td><\/tr><tr><td><em><strong>Ariel Oliva <\/strong>Abogado y asesor legal en la Delegaci\u00f3n Regional de Trabajo y Empleo de Luj\u00e1n del Ministerio de Trabajo de la Provincia de Buenos Aires<\/em><\/td><td><em><strong>Esther Giraudo<\/strong> Asunto: Psic\u00f3loga. Profesora posgrados UTN-UBA . Temas CyMAT- RPS<\/em><\/td><\/tr><tr><td><em><strong>Patricia Ortiz<\/strong> Asesora en CYMAT. Ministerio de Salud de la provincia de Buenos<\/em><\/td><td><em><strong>Luis Alberto Cama\u00f1o<\/strong> Agrupaci\u00f3n Cultura en m\u00ed Tierr<\/em>a<\/td><\/tr><tr><td><em><strong>Mabel Ana Maria Allegrone<\/strong><br>ABOGADA LABORALISTA<\/em><\/td><td><\/td><\/tr><\/tbody><\/table><\/figure>\n\n\n\n<hr class=\"wp-block-separator\"\/>\n\n\n\n<h3 class=\"has-vivid-cyan-blue-color has-text-color has-text-align-center wp-block-heading\">Informes de los Grupos Tem\u00e1ticos<\/h3>\n\n\n\n<p class=\"has-text-color has-text-align-center has-vivid-cyan-blue-color\"><strong>ACCESO-A-LAS-HABILIDADES-TECNOLOGICAS-Y-EL-TELETRABAJO<\/strong><\/p>\n\n\n\n<div style=\"display:block\">\n<!-- FlowPaper PDF flipbook plugin v.2.0.7 wordpress.org\/plugins\/flowpaper\/ -->\n<iframe title=\"FlowPaper flipbook pdf viewer\" width=\"100%\" height=\"500\" scrolling=\"no\" class=\"flowpaper-class\" frameborder=\"0\" allowFullScreen=\"true\" lightbox=\"false\" cover id src = \"https:\/\/flowpaper.com\/flipbook\/?pdf=https:\/\/foroparaeldiadespues.net.ar\/wp-content\/uploads\/2020\/07\/1.-ACCESO-A-LAS-HABILIDADES-TECNOLOGICAS-Y-EL-TELETRABAJO.pdf?wp-hosted=1&title=&header=&theme=&singlepage=&thumbs=1&modified=200721723\" seamless=\"seamless\" style=\"margin-bottom:0;display:block;\">Your browser does not seem to support iframes. <a href=\"https:\/\/flowpaper.com\/flipbook\/?pdf=https:\/\/foroparaeldiadespues.net.ar\/wp-content\/uploads\/2020\/07\/1.-ACCESO-A-LAS-HABILIDADES-TECNOLOGICAS-Y-EL-TELETRABAJO.pdf?wp-hosted=1\" target=\"_blank\">Click here to read this PDF<\/a>.<\/iframe>\n<div id=\"flowpaper-logo-bottom\" class=\"flowpaper-logo-bg\" style=\"background:linear-gradient(to right, rgba(0,0,0,0.65) 0%,rgba(0,0,0,0) 200px);width:100%;height:19px; padding-bottom: 1px; padding-left: 5px; padding-right: 10px; display: flex; align-items: center;z-index:9999\"><span style=\"height: 37px; padding-left: 6px;width:90%\"> <a id=\"flowpaper-link\" style=\"fill: #fff\" alt=\"FlowPaper logotype\" title=\"FlowPaper logotype\" href=\"https:\/\/flowpaper.com\" target=\"_blank\"> <img decoding=\"async\" alt=\"Publish PDF flipbooks online\" style=\"height:17px;width:auto;margin-top:11px;\" src=\"https:\/\/foroparaeldiadespues.net.ar\/wp-content\/plugins\/flowpaper-lite-pdf-flipbook\/assets\/flowpaper-logo.png\" border=\"0\"> <\/a> <\/span><span style=\" float: right; right: 0; font-size: 10px; white-space: nowrap; opacity:0.8\"><a href=\"https:\/\/flowpaper.com\/flipbook-maker\/\" target=\"_new\" style=\"text-decoration:none;border-bottom:none;\">Created using FlowPaper Flipbook Maker &#8599;<\/a><\/span><\/div><\/div>\r\n                <script>\r\n                document.addEventListener(\"DOMContentLoaded\", function(){\r\n                    var target_element, iframe_element;\r\n                    iframe_element = document.querySelector(\"iframe.flowpaper-class\");\r\n                    target_element = document.querySelector(\"\");\r\n                    iframe_element.style.height = target_element.offsetHeight + \"px\";\r\n                });\r\n                <\/script>\r\n            \n\n\n\n<p class=\"has-text-color has-text-align-center has-vivid-cyan-blue-color\"><strong>Elizabeth Ben\u00edtez &#8211; Horacio Bossio &#8211; Rub\u00e9n Masetro &#8211; Sonia Orozco &#8211; Haydee Regolf &#8211; Lidia Seratti &#8211; Jorge Zaccagnini<\/strong><\/p>\n\n\n\n<hr class=\"wp-block-separator\"\/>\n\n\n\n<p class=\"has-text-color has-text-align-center has-vivid-cyan-blue-color\"><strong>DERECHOS-SINDICALES<\/strong><\/p>\n\n\n\n<div style=\"display:block\">\n<!-- FlowPaper PDF flipbook plugin v.2.0.7 wordpress.org\/plugins\/flowpaper\/ -->\n<iframe title=\"FlowPaper flipbook pdf viewer\" width=\"100%\" height=\"500\" scrolling=\"no\" class=\"flowpaper-class\" frameborder=\"0\" allowFullScreen=\"true\" lightbox=\"false\" cover id src = \"https:\/\/flowpaper.com\/flipbook\/?pdf=https:\/\/foroparaeldiadespues.net.ar\/wp-content\/uploads\/2020\/07\/2.-DERECHOS-SINDICALES.pdf?wp-hosted=1&title=&header=&theme=&singlepage=&thumbs=1&modified=200721723\" seamless=\"seamless\" style=\"margin-bottom:0;display:block;\">Your browser does not seem to support iframes. <a href=\"https:\/\/flowpaper.com\/flipbook\/?pdf=https:\/\/foroparaeldiadespues.net.ar\/wp-content\/uploads\/2020\/07\/2.-DERECHOS-SINDICALES.pdf?wp-hosted=1\" target=\"_blank\">Click here to read this PDF<\/a>.<\/iframe>\n<div id=\"flowpaper-logo-bottom\" class=\"flowpaper-logo-bg\" style=\"background:linear-gradient(to right, rgba(0,0,0,0.65) 0%,rgba(0,0,0,0) 200px);width:100%;height:19px; padding-bottom: 1px; padding-left: 5px; padding-right: 10px; display: flex; align-items: center;z-index:9999\"><span style=\"height: 37px; padding-left: 6px;width:90%\"> <a id=\"flowpaper-link\" style=\"fill: #fff\" alt=\"FlowPaper logotype\" title=\"FlowPaper logotype\" href=\"https:\/\/flowpaper.com\" target=\"_blank\"> <img decoding=\"async\" alt=\"Publish PDF flipbooks online\" style=\"height:17px;width:auto;margin-top:11px;\" src=\"https:\/\/foroparaeldiadespues.net.ar\/wp-content\/plugins\/flowpaper-lite-pdf-flipbook\/assets\/flowpaper-logo.png\" border=\"0\"> <\/a> <\/span><span style=\" float: right; right: 0; font-size: 10px; white-space: nowrap; opacity:0.8\"><a href=\"https:\/\/flowpaper.com\/flipbook-maker\/\" target=\"_new\" style=\"text-decoration:none;border-bottom:none;\">Created using FlowPaper Flipbook Maker &#8599;<\/a><\/span><\/div><\/div>\r\n                <script>\r\n                document.addEventListener(\"DOMContentLoaded\", function(){\r\n                    var target_element, iframe_element;\r\n                    iframe_element = document.querySelector(\"iframe.flowpaper-class\");\r\n                    target_element = document.querySelector(\"\");\r\n                    iframe_element.style.height = target_element.offsetHeight + \"px\";\r\n                });\r\n                <\/script>\r\n            \n\n\n\n<p class=\"has-text-color has-text-align-center has-vivid-cyan-blue-color\"><strong>Karina Alvarez &#8211; Damian Araya &#8211; Alberto Botto &#8211; Gabriela Cericola &#8211; Romina Fleita &#8211; Juan Manuel Mart\u00ednez Chas &#8211; Ruben Masetro<\/strong><\/p>\n\n\n\n<hr class=\"wp-block-separator\"\/>\n\n\n\n<p class=\"has-text-color has-text-align-center has-vivid-cyan-blue-color\"><strong>INSPECCI\u00d3N-DEL-TRABAJO<\/strong><\/p>\n\n\n\n<div style=\"display:block\">\n<!-- FlowPaper PDF flipbook plugin v.2.0.7 wordpress.org\/plugins\/flowpaper\/ -->\n<iframe title=\"FlowPaper flipbook pdf viewer\" width=\"100%\" height=\"500\" scrolling=\"no\" class=\"flowpaper-class\" frameborder=\"0\" allowFullScreen=\"true\" lightbox=\"false\" cover id src = \"https:\/\/flowpaper.com\/flipbook\/?pdf=https:\/\/foroparaeldiadespues.net.ar\/wp-content\/uploads\/2020\/07\/3.-INSPECCION-DEL-TRABAJO.pdf?wp-hosted=1&title=&header=&theme=&singlepage=&thumbs=1&modified=200721723\" seamless=\"seamless\" style=\"margin-bottom:0;display:block;\">Your browser does not seem to support iframes. <a href=\"https:\/\/flowpaper.com\/flipbook\/?pdf=https:\/\/foroparaeldiadespues.net.ar\/wp-content\/uploads\/2020\/07\/3.-INSPECCION-DEL-TRABAJO.pdf?wp-hosted=1\" target=\"_blank\">Click here to read this PDF<\/a>.<\/iframe>\n<div id=\"flowpaper-logo-bottom\" class=\"flowpaper-logo-bg\" style=\"background:linear-gradient(to right, rgba(0,0,0,0.65) 0%,rgba(0,0,0,0) 200px);width:100%;height:19px; padding-bottom: 1px; padding-left: 5px; padding-right: 10px; display: flex; align-items: center;z-index:9999\"><span style=\"height: 37px; padding-left: 6px;width:90%\"> <a id=\"flowpaper-link\" style=\"fill: #fff\" alt=\"FlowPaper logotype\" title=\"FlowPaper logotype\" href=\"https:\/\/flowpaper.com\" target=\"_blank\"> <img decoding=\"async\" alt=\"Publish PDF flipbooks online\" style=\"height:17px;width:auto;margin-top:11px;\" src=\"https:\/\/foroparaeldiadespues.net.ar\/wp-content\/plugins\/flowpaper-lite-pdf-flipbook\/assets\/flowpaper-logo.png\" border=\"0\"> <\/a> <\/span><span style=\" float: right; right: 0; font-size: 10px; white-space: nowrap; opacity:0.8\"><a href=\"https:\/\/flowpaper.com\/flipbook-maker\/\" target=\"_new\" style=\"text-decoration:none;border-bottom:none;\">Created using FlowPaper Flipbook Maker &#8599;<\/a><\/span><\/div><\/div>\r\n                <script>\r\n                document.addEventListener(\"DOMContentLoaded\", function(){\r\n                    var target_element, iframe_element;\r\n                    iframe_element = document.querySelector(\"iframe.flowpaper-class\");\r\n                    target_element = document.querySelector(\"\");\r\n                    iframe_element.style.height = target_element.offsetHeight + \"px\";\r\n                });\r\n                <\/script>\r\n            \n\n\n\n<p class=\"has-text-color has-text-align-center has-vivid-cyan-blue-color\"><strong>Karina Alvarez &#8211; Alejandro Bellicoso &#8211; Mauricio Benegas &#8211; Ra\u00fal Ferrara &#8211; Jaqueline L\u00f3pez<\/strong><\/p>\n\n\n\n<hr class=\"wp-block-separator\"\/>\n\n\n\n<p class=\"has-text-color has-text-align-center has-vivid-cyan-blue-color\"><strong>CONDICIONES-MEDIO-AMBIENTE-DEL-TRABAJO\u201d-CYMAT<\/strong><\/p>\n\n\n\n<div style=\"display:block\">\n<!-- FlowPaper PDF flipbook plugin v.2.0.7 wordpress.org\/plugins\/flowpaper\/ -->\n<iframe title=\"FlowPaper flipbook pdf viewer\" width=\"100%\" height=\"500\" scrolling=\"no\" class=\"flowpaper-class\" frameborder=\"0\" allowFullScreen=\"true\" lightbox=\"false\" cover id src = \"https:\/\/flowpaper.com\/flipbook\/?pdf=https:\/\/foroparaeldiadespues.net.ar\/wp-content\/uploads\/2020\/07\/4.-CONDICIONES-MEDIO-AMBIENTE-DEL-TRABAJO\u201d-CYMAT.pdf?wp-hosted=1&title=&header=&theme=&singlepage=&thumbs=1&modified=200721723\" seamless=\"seamless\" style=\"margin-bottom:0;display:block;\">Your browser does not seem to support iframes. <a href=\"https:\/\/flowpaper.com\/flipbook\/?pdf=https:\/\/foroparaeldiadespues.net.ar\/wp-content\/uploads\/2020\/07\/4.-CONDICIONES-MEDIO-AMBIENTE-DEL-TRABAJO\u201d-CYMAT.pdf?wp-hosted=1\" target=\"_blank\">Click here to read this PDF<\/a>.<\/iframe>\n<div id=\"flowpaper-logo-bottom\" class=\"flowpaper-logo-bg\" style=\"background:linear-gradient(to right, rgba(0,0,0,0.65) 0%,rgba(0,0,0,0) 200px);width:100%;height:19px; padding-bottom: 1px; padding-left: 5px; padding-right: 10px; display: flex; align-items: center;z-index:9999\"><span style=\"height: 37px; padding-left: 6px;width:90%\"> <a id=\"flowpaper-link\" style=\"fill: #fff\" alt=\"FlowPaper logotype\" title=\"FlowPaper logotype\" href=\"https:\/\/flowpaper.com\" target=\"_blank\"> <img decoding=\"async\" alt=\"Publish PDF flipbooks online\" style=\"height:17px;width:auto;margin-top:11px;\" src=\"https:\/\/foroparaeldiadespues.net.ar\/wp-content\/plugins\/flowpaper-lite-pdf-flipbook\/assets\/flowpaper-logo.png\" border=\"0\"> <\/a> <\/span><span style=\" float: right; right: 0; font-size: 10px; white-space: nowrap; opacity:0.8\"><a href=\"https:\/\/flowpaper.com\/flipbook-maker\/\" target=\"_new\" style=\"text-decoration:none;border-bottom:none;\">Created using FlowPaper Flipbook Maker &#8599;<\/a><\/span><\/div><\/div>\r\n                <script>\r\n                document.addEventListener(\"DOMContentLoaded\", function(){\r\n                    var target_element, iframe_element;\r\n                    iframe_element = document.querySelector(\"iframe.flowpaper-class\");\r\n                    target_element = document.querySelector(\"\");\r\n                    iframe_element.style.height = target_element.offsetHeight + \"px\";\r\n                });\r\n                <\/script>\r\n            \n\n\n\n<p class=\"has-text-color has-text-align-center has-vivid-cyan-blue-color\"><strong>Elizabeth Ben\u00edtez &#8211; Alejandra Bonato &#8211; Gabriela Cericola &#8211; Julio C\u00e9sar Neffa &#8211; Alejandro Dar\u00edo Su\u00e1rez<\/strong><\/p>\n\n\n\n<hr class=\"wp-block-separator\"\/>\n\n\n\n<p class=\"has-text-color has-text-align-center has-vivid-cyan-blue-color\"><strong>HERRAMIENTAS-Y-COSTOS-DEL-TELETRABAJO<\/strong><\/p>\n\n\n\n<div style=\"display:block\">\n<!-- FlowPaper PDF flipbook plugin v.2.0.7 wordpress.org\/plugins\/flowpaper\/ -->\n<iframe title=\"FlowPaper flipbook pdf viewer\" width=\"100%\" height=\"500\" scrolling=\"no\" class=\"flowpaper-class\" frameborder=\"0\" allowFullScreen=\"true\" lightbox=\"false\" cover id src = \"https:\/\/flowpaper.com\/flipbook\/?pdf=https:\/\/foroparaeldiadespues.net.ar\/wp-content\/uploads\/2020\/07\/5.-HERRAMIENTAS-Y-COSTOS-DEL-TELETRABAJO.pdf?wp-hosted=1&title=&header=&theme=&singlepage=&thumbs=1&modified=200721723\" seamless=\"seamless\" style=\"margin-bottom:0;display:block;\">Your browser does not seem to support iframes. <a href=\"https:\/\/flowpaper.com\/flipbook\/?pdf=https:\/\/foroparaeldiadespues.net.ar\/wp-content\/uploads\/2020\/07\/5.-HERRAMIENTAS-Y-COSTOS-DEL-TELETRABAJO.pdf?wp-hosted=1\" target=\"_blank\">Click here to read this PDF<\/a>.<\/iframe>\n<div id=\"flowpaper-logo-bottom\" class=\"flowpaper-logo-bg\" style=\"background:linear-gradient(to right, rgba(0,0,0,0.65) 0%,rgba(0,0,0,0) 200px);width:100%;height:19px; padding-bottom: 1px; padding-left: 5px; padding-right: 10px; display: flex; align-items: center;z-index:9999\"><span style=\"height: 37px; padding-left: 6px;width:90%\"> <a id=\"flowpaper-link\" style=\"fill: #fff\" alt=\"FlowPaper logotype\" title=\"FlowPaper logotype\" href=\"https:\/\/flowpaper.com\" target=\"_blank\"> <img decoding=\"async\" alt=\"Publish PDF flipbooks online\" style=\"height:17px;width:auto;margin-top:11px;\" src=\"https:\/\/foroparaeldiadespues.net.ar\/wp-content\/plugins\/flowpaper-lite-pdf-flipbook\/assets\/flowpaper-logo.png\" border=\"0\"> <\/a> <\/span><span style=\" float: right; right: 0; font-size: 10px; white-space: nowrap; opacity:0.8\"><a href=\"https:\/\/flowpaper.com\/flipbook-maker\/\" target=\"_new\" style=\"text-decoration:none;border-bottom:none;\">Created using FlowPaper Flipbook Maker &#8599;<\/a><\/span><\/div><\/div>\r\n                <script>\r\n                document.addEventListener(\"DOMContentLoaded\", function(){\r\n                    var target_element, iframe_element;\r\n                    iframe_element = document.querySelector(\"iframe.flowpaper-class\");\r\n                    target_element = document.querySelector(\"\");\r\n                    iframe_element.style.height = target_element.offsetHeight + \"px\";\r\n                });\r\n                <\/script>\r\n            \n\n\n\n<p class=\"has-text-color has-text-align-center has-vivid-cyan-blue-color\"><strong>Luis Antonioli &#8211; Rosana Cabrera &#8211; Aliza Damiani &#8211; Jaqueline L\u00f3pez &#8211; Lidia Seratti<\/strong><\/p>\n","protected":false},"excerpt":{"rendered":"<p>REPERCUSIONES EN LA PRENSA Declaraci\u00f3n del Punto de Encuentro Teletrabajo PDET 29 de junio de 2020 El crecimiento de la modalidad de teletrabajo y teleempleo est\u00e1 produciendo cambios en las pr\u00e1cticas laborales de un nivel de complejidad y profundidad que obliga a transitar un camino de reconsideraci\u00f3n de conceptos y estrategias en la defensa de [&hellip;]<\/p>\n","protected":false},"author":1,"featured_media":0,"parent":0,"menu_order":0,"comment_status":"closed","ping_status":"closed","template":"","meta":{"footnotes":""},"class_list":["post-566","page","type-page","status-publish","hentry"],"_links":{"self":[{"href":"https:\/\/foroparaeldiadespues.net.ar\/index.php?rest_route=\/wp\/v2\/pages\/566","targetHints":{"allow":["GET"]}}],"collection":[{"href":"https:\/\/foroparaeldiadespues.net.ar\/index.php?rest_route=\/wp\/v2\/pages"}],"about":[{"href":"https:\/\/foroparaeldiadespues.net.ar\/index.php?rest_route=\/wp\/v2\/types\/page"}],"author":[{"embeddable":true,"href":"https:\/\/foroparaeldiadespues.net.ar\/index.php?rest_route=\/wp\/v2\/users\/1"}],"replies":[{"embeddable":true,"href":"https:\/\/foroparaeldiadespues.net.ar\/index.php?rest_route=%2Fwp%2Fv2%2Fcomments&post=566"}],"version-history":[{"count":55,"href":"https:\/\/foroparaeldiadespues.net.ar\/index.php?rest_route=\/wp\/v2\/pages\/566\/revisions"}],"predecessor-version":[{"id":751,"href":"https:\/\/foroparaeldiadespues.net.ar\/index.php?rest_route=\/wp\/v2\/pages\/566\/revisions\/751"}],"wp:attachment":[{"href":"https:\/\/foroparaeldiadespues.net.ar\/index.php?rest_route=%2Fwp%2Fv2%2Fmedia&parent=566"}],"curies":[{"name":"wp","href":"https:\/\/api.w.org\/{rel}","templated":true}]}}