{"id":831,"date":"2020-09-04T14:53:19","date_gmt":"2020-09-04T17:53:19","guid":{"rendered":"https:\/\/foroparaeldiadespues.net.ar\/?page_id=831"},"modified":"2020-11-20T10:27:49","modified_gmt":"2020-11-20T13:27:49","slug":"punto-de-encuentro-innovacion-tecnologica-para-el-desarrollo-economico","status":"publish","type":"page","link":"https:\/\/foroparaeldiadespues.net.ar\/?page_id=831","title":{"rendered":"Punto de Encuentro Innovaci\u00f3n Tecnol\u00f3gica para el Desarrollo Econ\u00f3mico"},"content":{"rendered":"\n<hr class=\"wp-block-separator\"\/>\n\n\n\n<h3 class=\"has-text-align-center wp-block-heading\"><strong><span class=\"has-inline-color has-vivid-cyan-blue-color\">\u00c1mbito de convergencia de los v\u00e9rtices del Hex\u00e1gono Virtuoso<\/span>.<\/strong><\/h3>\n\n\n\n<hr class=\"wp-block-separator\"\/>\n\n\n\n<div class=\"wp-block-image\"><figure class=\"aligncenter size-large is-resized\"><img loading=\"lazy\" decoding=\"async\" src=\"https:\/\/foroparaeldiadespues.net.ar\/wp-content\/uploads\/2020\/10\/Hexagono-Virtuoso-BN-1024x779.jpg\" alt=\"\" class=\"wp-image-897\" width=\"340\" height=\"259\" srcset=\"https:\/\/foroparaeldiadespues.net.ar\/wp-content\/uploads\/2020\/10\/Hexagono-Virtuoso-BN-1024x779.jpg 1024w, https:\/\/foroparaeldiadespues.net.ar\/wp-content\/uploads\/2020\/10\/Hexagono-Virtuoso-BN-300x228.jpg 300w, https:\/\/foroparaeldiadespues.net.ar\/wp-content\/uploads\/2020\/10\/Hexagono-Virtuoso-BN-768x584.jpg 768w, https:\/\/foroparaeldiadespues.net.ar\/wp-content\/uploads\/2020\/10\/Hexagono-Virtuoso-BN.jpg 1063w\" sizes=\"auto, (max-width: 340px) 100vw, 340px\" \/><\/figure><\/div>\n\n\n\n<p>Su accionar se sustenta en tres principios:<\/p>\n\n\n\n<p class=\"has-text-align-center\"><strong>la praxis es superior a la teor\u00eda<\/strong><\/p>\n\n\n\n<p class=\"has-text-align-center\"><strong>el tiempo es superior al espacio&nbsp;<\/strong><\/p>\n\n\n\n<p class=\"has-text-align-center\"><strong>el poliedro explica m\u00e1s que la esfera<\/strong><\/p>\n\n\n\n<p>En el PE.IT.DE se produce con una perspectiva que acompasa sus tiempos a los tiempos sociales, integrando las ideas y las historias de quienes \u2013portando diferentes experiencias de vida y conocimientos diversos\u2013 se encuentran para trabajar tras un objetivo com\u00fan. <\/p>\n\n\n\n<p>Se trabaja para producir hechos concretos: una ley, una acci\u00f3n de sensibilizaci\u00f3n o un producto: los temas que se acuerdan deben proseguirse con acciones espec\u00edficas.<\/p>\n\n\n\n<hr class=\"wp-block-separator\"\/>\n\n\n\n<h4 class=\"has-text-align-center wp-block-heading\"><span class=\"has-inline-color has-vivid-cyan-blue-color\"><strong>Marco Conceptual<\/strong><\/span><\/h4>\n\n\n\n<p>Los aportes que los expositores y participantes de la mayor\u00eda de los 27 encuentros que el Foro lleva realizado, han consolidado una mirada sobre el papel que debe cumplir la innovaci\u00f3n tecnol\u00f3gica en nuestra Patria:<\/p>\n\n\n\n<p>El impacto que las innovaciones tecnol\u00f3gicas producen en la vida de los argentinos y en el destino de nuestra Patria constituye un tema prioritario de las actividades del Foro para el D\u00eda Despu\u00e9s.<\/p>\n\n\n\n<p><strong>&#8211; Argentina necesita generar actividades econ\u00f3micas de mayor valor a un ritmo m\u00e1s acelerado y de manera ininterrumpida<\/strong><\/p>\n\n\n\n<p><strong>&#8211; La herramienta principal para generar actividades econ\u00f3micas de mayor valor es la tecnolog\u00eda, en su sentido m\u00e1s amplio<\/strong><\/p>\n\n\n\n<p>La creaci\u00f3n del Punto de Encuentro Innovaci\u00f3n Tecnol\u00f3gica para el Desarrollo Econ\u00f3mico (PE.IT.DE) pretende ser un aporte a una discusi\u00f3n sobre este tema que sigue pendiente.<\/p>\n\n\n\n<p>La convocatoria es amplia e impone una sola condici\u00f3n para la participaci\u00f3n: querer trabajar sinceramente por el engrandecimiento de nuestra Patria y la felicidad de nuestro Pueblo. Cuando se trabaja as\u00ed, las diferencias de pensamiento y de historias enriquecen en lugar de dividir. Esa es la experiencia que hemos podido constatar en nuestra tarea.<\/p>\n\n\n\n<hr class=\"wp-block-separator\"\/>\n\n\n\n<hr class=\"wp-block-separator\"\/>\n\n\n\n<h3 class=\"has-text-align-center wp-block-heading\"><span class=\"has-inline-color has-vivid-cyan-blue-color\"><strong>Argentina necesita vigorizar su pol\u00edtica<\/strong> <strong>cient\u00edfico-tecnol\u00f3gico-productiva<\/strong><\/span><\/h3>\n\n\n\n<p class=\"has-text-align-center\"><strong>Los procesos de convergencia de tecnolog\u00edas se aceleran constantemente, al igual que los cambios que las innovaciones generan en los sistemas de producci\u00f3n y distribuci\u00f3n de bienes y servicios.<\/strong><\/p>\n\n\n\n<p class=\"has-text-align-center\"><strong>El desarrollo o no de las tecnolog\u00edas es el resultado de decisiones pol\u00edticas que se toman desde el poder. Es un proceso pol\u00edtico, que debe resolverse incorporando al debate pol\u00edtico la dimensi\u00f3n tecnol\u00f3gica<\/strong>.<\/p>\n\n\n\n<p style=\"font-size:14px\">Las recurrentes crisis que enfrenta Argentina encuentran su causa profunda en que el pa\u00eds no ha actualizado sus actividades econ\u00f3micas a la velocidad necesaria. Lo ha realizado m\u00e1s lentamente que el mundo desarrollado, que son quienes marcan el ritmo del progreso global. Los bienes y servicios de nuestro pa\u00eds valen, en promedio, cada vez menos y, como consecuencia, somos cada vez m\u00e1s pobres como naci\u00f3n.<\/p>\n\n\n\n<p style=\"font-size:14px\">Desde el Punto de Encuentro Innovaci\u00f3n Tecnol\u00f3gica para el Desarrollo Econ\u00f3mico planteamos que el retraso cient\u00edfico-tecnol\u00f3gico-productivo que ha acumulado la Argentina demanda una estrategia transformadora de alcance profundo y veloz ejecuci\u00f3n.<\/p>\n\n\n\n<p style=\"font-size:14px\">La competitividad de las empresas argentinas necesita incrementarse aceleradamente para ganar participaci\u00f3n en mercados internacionales. Esto se concreta mediante procesos de aprendizaje, mejora continua e innovaci\u00f3n. Una m\u00e9trica adecuada de la actividad argentina en este aspecto es la inversi\u00f3n en investigaciones cient\u00edficas y desarrollos tecnol\u00f3gicos (I+D) como porcentaje del PBI. No s\u00f3lo es cierto que Argentina invierte mucho menos que los pa\u00edses desarrollados, sino que la tasa de incremento de la inversi\u00f3n tambi\u00e9n es menor. Esta es la caracter\u00edstica de un pa\u00eds estancado, que acumula retraso cient\u00edfico-tecnol\u00f3gico y se vuelve cada vez m\u00e1s pobre. Un verdadero pa\u00eds en desarrollo, nosotros no lo somos, aumenta su inversi\u00f3n en I+D m\u00e1s r\u00e1pidamente que los pa\u00edses desarrollados, y de ese modo escalan en competitividad y bienestar (aunque est\u00e1 claro que la distribuci\u00f3n de la riqueza corre por un carril independiente).<\/p>\n\n\n\n<figure class=\"wp-block-image size-large\"><img loading=\"lazy\" decoding=\"async\" width=\"1024\" height=\"696\" src=\"https:\/\/foroparaeldiadespues.net.ar\/wp-content\/uploads\/2020\/10\/IMAGEN-10-1024x696.jpg\" alt=\"\" class=\"wp-image-888\" srcset=\"https:\/\/foroparaeldiadespues.net.ar\/wp-content\/uploads\/2020\/10\/IMAGEN-10-1024x696.jpg 1024w, https:\/\/foroparaeldiadespues.net.ar\/wp-content\/uploads\/2020\/10\/IMAGEN-10-300x204.jpg 300w, https:\/\/foroparaeldiadespues.net.ar\/wp-content\/uploads\/2020\/10\/IMAGEN-10-768x522.jpg 768w, https:\/\/foroparaeldiadespues.net.ar\/wp-content\/uploads\/2020\/10\/IMAGEN-10.jpg 1240w\" sizes=\"auto, (max-width: 1024px) 100vw, 1024px\" \/><\/figure>\n\n\n\n<h6 class=\"has-text-align-center wp-block-heading\" style=\"font-size:12px\">La tasa de incremento de la inversi\u00f3n argentina en I+D, promedio desde 1996 a la fecha es de 0,01 % PBI\/a\u00f1o. La tasa promedio de los pa\u00edses desarrollados ronda el triple, 0,03 %PBI\/a\u00f1o (Estados Unidos 0,02, Alemania 0,04). Para ser un verdadero pa\u00eds en desarrollo, Argentina debe lograr una tasa de incremento de la inversi\u00f3n en I+D entre 2 y 4 veces la impuesta por el mundo desarrollado (China 0,08; Malasia 0,06; Corea del Sur 0,15).<\/h6>\n\n\n\n<p>El Punto de Encuentro de Innovaci\u00f3n Productiva para el Desarrollo Econ\u00f3mico propone considerar los siguientes elementos b\u00e1sicos:<\/p>\n\n\n\n<p><strong>Incentivos a la inversi\u00f3n privada productiva m\u00e1s vigorosos, m\u00e1s \u00e1giles, de r\u00e1pida ejecuci\u00f3n y de mayor magnitud. Incentivos no sectoriales, pero con m\u00e9tricas de exportaci\u00f3n, balance de divisas, competitividad y generaci\u00f3n de trabajo.<\/strong><\/p>\n\n\n\n<hr class=\"wp-block-separator\"\/>\n\n\n\n<p><strong>Programas eficientes de mejora continua <em>in-situ<\/em> para las empresas argentinas.<\/strong><\/p>\n\n\n\n<hr class=\"wp-block-separator\"\/>\n\n\n\n<p><strong>Un crecimiento y fortalecimiento del sistema cient\u00edfico-tecnol\u00f3gico progresivo y proporcionado a las necesidades y demandas de la producci\u00f3n. Formaci\u00f3n intensiva de talentos y atracci\u00f3n desde el exterior cuando haga falta.<\/strong><\/p>\n\n\n\n<hr class=\"wp-block-separator\"\/>\n\n\n\n<p><strong>Instituciones intermedias de innovaci\u00f3n sectoriales, con centros f\u00edsicos (no redes virtuales) especializadas en ramas productivas prioritarias. Deben reunir capacidades tecnol\u00f3gicas de punta para su sector, acopladas a capacidades de prospectiva, an\u00e1lisis de mercado, fabricaci\u00f3n, log\u00edstica, legales, de captaci\u00f3n de capitales para la innovaci\u00f3n, y de gerenciamiento de la innovaci\u00f3n. Su misi\u00f3n ser\u00e1 el incremento continuo de la competitividad de las empresas del sector.<\/strong><\/p>\n\n\n\n<hr class=\"wp-block-separator\"\/>\n\n\n\n<p><strong>Mayor participaci\u00f3n, formaci\u00f3n y vinculaci\u00f3n de empresarios y del movimiento obrero con las pol\u00edticas cient\u00edfico-tecnol\u00f3gica-productiva. Los empresarios y los trabajadores, en conjunto y de manera balanceada, son actores esenciales para garantizar la continuidad de las pol\u00edticas. La continuidad es tan importante como la velocidad.<\/strong><\/p>\n\n\n\n<hr class=\"wp-block-separator\"\/>\n\n\n\n<hr class=\"wp-block-separator\"\/>\n\n\n\n<figure class=\"wp-block-embed-youtube wp-block-embed is-type-video is-provider-youtube wp-embed-aspect-16-9 wp-has-aspect-ratio\"><div class=\"wp-block-embed__wrapper\">\n<iframe loading=\"lazy\"  id=\"_ytid_12166\"  width=\"480\" height=\"270\"  data-origwidth=\"480\" data-origheight=\"270\"  data-relstop=\"1\" src=\"https:\/\/www.youtube.com\/embed\/7bCvxTyo-Cw?enablejsapi=1&#038;autoplay=0&#038;cc_load_policy=0&#038;cc_lang_pref=&#038;iv_load_policy=1&#038;loop=0&#038;rel=0&#038;fs=1&#038;playsinline=0&#038;autohide=2&#038;theme=dark&#038;color=red&#038;controls=1&#038;disablekb=0&#038;\" class=\"__youtube_prefs__  epyt-is-override  no-lazyload\" title=\"YouTube player\"  allow=\"fullscreen; accelerometer; autoplay; clipboard-write; encrypted-media; gyroscope; picture-in-picture; web-share\" referrerpolicy=\"strict-origin-when-cross-origin\" allowfullscreen data-no-lazy=\"1\" data-skipgform_ajax_framebjll=\"\"><\/iframe>\n<\/div><figcaption><strong><span class=\"has-inline-color has-vivid-cyan-blue-color\">JORNADA DE REFLEXI\u00d3N &#8211;  10 de noviembre de 2020<\/span><\/strong><\/figcaption><\/figure>\n\n\n\n<figure class=\"wp-block-embed-youtube wp-block-embed is-type-video is-provider-youtube wp-embed-aspect-16-9 wp-has-aspect-ratio\"><div class=\"wp-block-embed__wrapper\">\n<iframe loading=\"lazy\"  id=\"_ytid_15654\"  width=\"480\" height=\"270\"  data-origwidth=\"480\" data-origheight=\"270\"  data-relstop=\"1\" src=\"https:\/\/www.youtube.com\/embed\/FFMuPuNmfok?enablejsapi=1&#038;autoplay=0&#038;cc_load_policy=0&#038;cc_lang_pref=&#038;iv_load_policy=1&#038;loop=0&#038;rel=0&#038;fs=1&#038;playsinline=0&#038;autohide=2&#038;theme=dark&#038;color=red&#038;controls=1&#038;disablekb=0&#038;\" class=\"__youtube_prefs__  epyt-is-override  no-lazyload\" title=\"YouTube player\"  allow=\"fullscreen; accelerometer; autoplay; clipboard-write; encrypted-media; gyroscope; picture-in-picture; web-share\" referrerpolicy=\"strict-origin-when-cross-origin\" allowfullscreen data-no-lazy=\"1\" data-skipgform_ajax_framebjll=\"\"><\/iframe>\n<\/div><figcaption><strong><span class=\"has-inline-color has-vivid-cyan-blue-color\">EL PE.IT.DE EXPONE EN LA COMISI\u00d3N DE INDUSTRIA DE LA CONFEDERACI\u00d3N ARGENTINA DE LA MEDIANA EMPRESA CAME &#8211; 17 de noviembre de 2020<\/span><\/strong><\/figcaption><\/figure>\n\n\n\n<p class=\"has-text-align-center\"><strong><span class=\"has-inline-color has-vivid-cyan-blue-color\">Conforman el PE.IT.DE:<\/span><\/strong><\/p>\n\n\n\n<figure class=\"wp-block-table aligncenter\"><table><tbody><tr><td><strong>Ricardo Addis<\/strong><\/td><td><strong>Walter Legnani<\/strong><\/td><\/tr><tr><td><strong>Alberto Aller<\/strong><\/td><td><strong>Carlos Mu\u00f1oz<\/strong><\/td><\/tr><tr><td><strong>Ricardo Auer<\/strong><\/td><td><strong>Julio Cesar Neffa<\/strong><\/td><\/tr><tr><td><strong>Horacio Bossio<\/strong><\/td><td><strong>Walter Romero<\/strong><\/td><\/tr><tr><td><strong>Jorge Calzoni<\/strong><\/td><td><strong>Lidia Seratti<\/strong><\/td><\/tr><tr><td><strong>Oscar Carreras<\/strong><\/td><td><strong>Guillermo Siro<\/strong><\/td><\/tr><tr><td><strong>Fabio Cattoni<\/strong><\/td><td><strong>Fernando Stefani<\/strong><\/td><\/tr><tr><td><strong>Cesar Crocitta<\/strong><\/td><td><strong>An\u00edbal Torretta<\/strong><\/td><\/tr><tr><td><strong>Gabriel Delgado<\/strong><\/td><td><strong>Carlos Venier<\/strong><\/td><\/tr><tr><td><strong>Andr\u00e9s Dmitruk<\/strong><\/td><td><strong>Jorge Zaccagnini<\/strong><\/td><\/tr><tr><td><\/td><td><strong>&nbsp;<\/strong><\/td><\/tr><\/tbody><\/table><figcaption><strong><span class=\"has-inline-color has-vivid-cyan-blue-color\">Coordinadores: Fernando Stefani y Jorge Zaccagnini<\/span><\/strong><\/figcaption><\/figure>\n","protected":false},"excerpt":{"rendered":"<p>\u00c1mbito de convergencia de los v\u00e9rtices del Hex\u00e1gono Virtuoso. Su accionar se sustenta en tres principios: la praxis es superior a la teor\u00eda el tiempo es superior al espacio&nbsp; el poliedro explica m\u00e1s que la esfera En el PE.IT.DE se produce con una perspectiva que acompasa sus tiempos a los tiempos sociales, integrando las ideas [&hellip;]<\/p>\n","protected":false},"author":1,"featured_media":902,"parent":0,"menu_order":0,"comment_status":"closed","ping_status":"closed","template":"","meta":{"footnotes":""},"class_list":["post-831","page","type-page","status-publish","has-post-thumbnail","hentry"],"_links":{"self":[{"href":"https:\/\/foroparaeldiadespues.net.ar\/index.php?rest_route=\/wp\/v2\/pages\/831","targetHints":{"allow":["GET"]}}],"collection":[{"href":"https:\/\/foroparaeldiadespues.net.ar\/index.php?rest_route=\/wp\/v2\/pages"}],"about":[{"href":"https:\/\/foroparaeldiadespues.net.ar\/index.php?rest_route=\/wp\/v2\/types\/page"}],"author":[{"embeddable":true,"href":"https:\/\/foroparaeldiadespues.net.ar\/index.php?rest_route=\/wp\/v2\/users\/1"}],"replies":[{"embeddable":true,"href":"https:\/\/foroparaeldiadespues.net.ar\/index.php?rest_route=%2Fwp%2Fv2%2Fcomments&post=831"}],"version-history":[{"count":31,"href":"https:\/\/foroparaeldiadespues.net.ar\/index.php?rest_route=\/wp\/v2\/pages\/831\/revisions"}],"predecessor-version":[{"id":975,"href":"https:\/\/foroparaeldiadespues.net.ar\/index.php?rest_route=\/wp\/v2\/pages\/831\/revisions\/975"}],"wp:featuredmedia":[{"embeddable":true,"href":"https:\/\/foroparaeldiadespues.net.ar\/index.php?rest_route=\/wp\/v2\/media\/902"}],"wp:attachment":[{"href":"https:\/\/foroparaeldiadespues.net.ar\/index.php?rest_route=%2Fwp%2Fv2%2Fmedia&parent=831"}],"curies":[{"name":"wp","href":"https:\/\/api.w.org\/{rel}","templated":true}]}}